{"id":690,"date":"2025-02-20T07:39:39","date_gmt":"2025-02-20T07:39:39","guid":{"rendered":"https:\/\/noapuertobaru.com\/?page_id=690"},"modified":"2025-02-28T08:38:13","modified_gmt":"2025-02-28T08:38:13","slug":"gallery","status":"publish","type":"page","link":"https:\/\/noapuertobaru.com\/en\/gallery\/","title":{"rendered":"Gallery"},"content":{"rendered":"<h1>Galer\u00eda<\/h1>\n<h2>\u00daltimas im\u00e1genes y videos<\/h2>\n<div>\n<p>En esta p\u00e1gina puedes ver las im\u00e1genes relacionadas con lo que est\u00e1 sucediendo en el terreno, los desaf\u00edos y \u00e9xitos que hemos logrado hasta el momento en nuestra campa\u00f1a para que Puerto Bar\u00fa sea reconsiderado.<\/p>\n<\/div>\n<ul>\n<li>\n<p>        <img decoding=\"async\" src=\"\/wp-content\/uploads\/2025\/01\/Protests-at-proposed-Puerto-Baru-site-scaled.jpg\" alt=\"Ambientalistas y pobladores locales protestan contra el lanzamiento del proyecto Puerto Bar\u00fa, en David, el 16 de enero de 2025.\"><\/p>\n<h3>Protesta contra el lanzamiento de Puerto Bar\u00fa<\/h3>\n<div>\n<p>Ambientalistas y pobladores locales protestan contra el lanzamiento del proyecto Puerto Bar\u00fa, en David, el 16 de enero de 2025.<\/p>\n<\/div>\n<\/li>\n<li>\n<p>        <img decoding=\"async\" src=\"\/wp-content\/uploads\/2025\/01\/Protestors-gather-at-Puerto-Barus-proposed-location.jpg\" alt=\"Manifestantes alzan pancarta frente al acto de inauraci\u00f3n del proyecto Par\u00fa Bar\u00fa, en Chiriqu\u00ed, el 16 de enero 2025.\"><\/p>\n<h3>Manifestantes alzan pancarta contra Puerto Bar\u00fa<\/h3>\n<div>\n<p>Manifestantes alzan pancarta frente al acto de inauraci\u00f3n del proyecto Par\u00fa Bar\u00fa, en Chiriqu\u00ed, el 16 de enero 2025.<\/p>\n<\/div>\n<\/li>\n<li>\n<p>        <img decoding=\"async\" src=\"\/wp-content\/uploads\/2025\/01\/Protests-take-place-at-Puerto-Baru-scaled.jpg\" alt=\"Manifestaci\u00f3n por mar contra el lanzamiento del proyecto Puerto Bar\u00fa, en David, el 16 de enero de 2025.\"><\/p>\n<h3>Protesta por mar contra el lanzamiento del proyecto Puerto Bar\u00fa<\/h3>\n<div>\n<p>Manifestaci\u00f3n por mar contra el lanzamiento del proyecto Puerto Bar\u00fa, en David, el 16 de enero de 2025.<\/p>\n<\/div>\n<\/li>\n<li>\n<p>        <img decoding=\"async\" src=\"\/wp-content\/uploads\/2025\/01\/Environmental-coalition-gathers-to-protest-Puerto-Baru-scaled.jpg\" alt=\"Integrantes de la campa\u00f1a \"No a Puerto Bar\u00fa\" se re\u00fanen para manifestar contra el proyecto en David, el d\u00eda de su lanzamiento, el 16 de enero de 2025.\"><\/p>\n<h3>Integrantes de la campa\u00f1a contra Puerto Bar\u00fa protestan contra su lanzamiento<\/h3>\n<div>\n<p>Integrantes de la campa\u00f1a \u00abNo a Puerto Bar\u00fa\u00bb se re\u00fanen para manifestar contra el proyecto en David, el d\u00eda de su lanzamiento, el 16 de enero de 2025.<\/p>\n<\/div>\n<\/li>\n<li>\n<p>        <img decoding=\"async\" src=\"\/wp-content\/uploads\/2024\/09\/Mangroves-of-David.jpg\" alt=\"Vista \u00e1rea de los Manglares de David, en el centro de la controversia sobre la construcci\u00f3n de Puerto Bar\u00fa en David.\"><\/p>\n<h3>Vista a\u00e9rea de los Manglares de David<\/h3>\n<div>\n<p>Vista \u00e1rea de los Manglares de David, en el centro de la controversia sobre la construcci\u00f3n de Puerto Bar\u00fa en David.<\/p>\n<\/div>\n<\/li>\n<li>\n<p>        <video src=\"\/wp-content\/uploads\/2025\/01\/protestawithmusic.mp4\"><\/video><\/p>\n<h3>Video de la protesta contra el lanzamiento de Puerto Bar\u00fa<\/h3>\n<div>\n<p>Im\u00e1genes de la protesta por mar de ambientalistas y pobladores locales contra el lanzamiento de Puerto Bar\u00fa en David, el 16 de enero de 2025<\/p>\n<\/div>\n<\/li>\n<li>\n<p>        <video src=\"\/wp-content\/uploads\/2024\/12\/Puerto-Baru.mp4\"><\/video><\/p>\n<h3>Vista a\u00e9rea de los Manglares de David 2<\/h3>\n<div>\n<p>Vista \u00e1rea de los Manglares de David, en el centro de la controversia sobre la construcci\u00f3n de Puerto Bar\u00fa en David.<\/p>\n<\/div>\n<\/li>\n<li>\n<p>        <video src=\"\/wp-content\/uploads\/2025\/02\/Joana-Abrego-Court-decision.mp4\"><\/video><\/p>\n<h3>\u00bfQu\u00e9 decidi\u00f3 la CSJ en diciembre de 2024?<\/h3>\n<div>\n<p>Joana Abrego, gerente legal del CIAM, explica la decisi\u00f3n de la Corte Suprema de Justicia sobre la suspensi\u00f3n del Estudio de Impacto Ambiental que avala la construcci\u00f3n de Puerto Bar\u00fa in David.<\/p>\n<\/div>\n<\/li>\n<li>\n<p>        <video src=\"\/wp-content\/uploads\/2025\/02\/Who-are-we.mp4\"><\/video><\/p>\n<h3>Qui\u00e9nes somos<\/h3>\n<div>\n<p>Video que explica qui\u00e9nes integran la campa\u00f1a \u00abNo a Puerto Bar\u00fa\u00bb.<\/p>\n<\/div>\n<\/li>\n<li>\n<p>        <video src=\"\/wp-content\/uploads\/2025\/02\/What-we-want.mp4\"><\/video><\/p>\n<h3>\u00bfQu\u00e9 quiere nuestra campa\u00f1a?<\/h3>\n<div>\n<p>Video que explica qu\u00e9 objetivos persigue la campa\u00f1a \u00abNo a Puerto Bar\u00fa\u00bb.<\/p>\n<\/div>\n<\/li>\n<li>\n<p>        <video src=\"\/wp-content\/uploads\/2025\/02\/What-is-the-problem-with-Puerto-Baru.mp4\"><\/video><\/p>\n<h3>\u00bfCual es el problema con Puerto Bar\u00fa<\/h3>\n<div>\n<p>Video que explica por qu\u00e9 el proyecto Puerto Bar\u00fa, tal y como est\u00e1 propuesto, afectar\u00e1 los delicados ecosistemas alrededor de los Manglares de David.<\/p>\n<\/div>\n<\/li>\n<li>\n<p>        <img decoding=\"async\" src=\"\/wp-content\/uploads\/2025\/02\/Humpack-whale.jpg\" alt=\"Una ballena jorobada asoma la cabeza en el Golfo de Chiriqu\u00ed. La ballena jorobada es una de las especies que se ver\u00e1 afectada si Puerto Bar\u00fa es construido en David. Foto: cortes\u00eda Eduardo Estrada\"><\/p>\n<h3>Ballena jorobada<\/h3>\n<div>\n<p>Una ballena jorobada asoma la cabeza en el Golfo de Chiriqu\u00ed. La ballena jorobada es una de las especies que se ver\u00e1 afectada si Puerto Bar\u00fa es construido en David. Foto: cortes\u00eda Eduardo Estrada<\/p>\n<\/div>\n<\/li>\n<li>\n<p>        <img decoding=\"async\" src=\"\/wp-content\/uploads\/2025\/02\/Canal-through-the-David-Mangroves.jpg\" alt=\"Vista \u00e1rea de un canal que atraviesa los Manglares de David.\"><\/p>\n<h3>Canal, Manglares de David<\/h3>\n<div>\n<p>Vista \u00e1rea de un canal que atraviesa los Manglares de David.<\/p>\n<\/div>\n<\/li>\n<li>\n<p>        <img decoding=\"async\" src=\"\/wp-content\/uploads\/2025\/02\/Puerto-Baru-navigation-channel.jpg\" alt=\"Mapa que muestra el canal de navegaci\u00f3n que ser\u00e1 necesario para que los barcos puedan entrar y salir de Puerto Bar\u00fa. El canal atraviesa los Manglares de David.\"><\/p>\n<h3>Canal de navegaci\u00f3n propuesto para Puerto Bar\u00fa<\/h3>\n<div>\n<p>Mapa que muestra el canal de navegaci\u00f3n que ser\u00e1 necesario para que los barcos puedan entrar y salir de Puerto Bar\u00fa. El canal atraviesa los Manglares de David.<\/p>\n<\/div>\n<\/li>\n<li>\n<p>        <img decoding=\"async\" src=\"\/wp-content\/uploads\/2025\/02\/Inside-the-David-Mangroves.jpg\" alt=\"Mangles a los lados de uno de los canales en los Manglares de David.\"><\/p>\n<h3>Dentro de los Manglares de David<\/h3>\n<div>\n<p>Mangles a los lados de uno de los canales en los Manglares de David.<\/p>\n<\/div>\n<\/li>\n<li>\n<p>        <img decoding=\"async\" src=\"\/wp-content\/uploads\/2025\/02\/Family-of-fishermen.jpg\" alt=\"Una familia de pescadores se prepara para la faena en las aguas del Golfo de Chiriqu\u00ed.\"><\/p>\n<h3>Familia de pescadores<\/h3>\n<div>\n<p>Una familia de pescadores se prepara para la faena en las aguas del Golfo de Chiriqu\u00ed.<\/p>\n<\/div>\n<\/li>\n<li>\n<p>        <img decoding=\"async\" src=\"\/wp-content\/uploads\/2025\/02\/Beachgoers-at-Chiriqui.jpg\" alt=\"Turistas y pobladores locales disfrutan de un d\u00eda de playa en la pr\u00edstina costa del Golfo de Chiriqu\u00ed, actualmente amenazada por el proyecto Puerto Bar\u00fa.\"><\/p>\n<h3>Vacacionistas en una de las playas de Chiriqu\u00ed<\/h3>\n<div>\n<p>Turistas y pobladores locales disfrutan de un d\u00eda de playa en la pr\u00edstina costa del Golfo de Chiriqu\u00ed, actualmente amenazada por el proyecto Puerto Bar\u00fa.<\/p>\n<\/div>\n<\/li>\n<li>\n<p>        <img decoding=\"async\" src=\"\/wp-content\/uploads\/2025\/02\/Dolphin-and-cub.jpg\" alt=\"Un delf\u00edn y su cr\u00eda en el Golfo de Chiriqu\u00ed. Su h\u00e1bitat podr\u00eda verse afectado severamente por la construcci\u00f3n de Puerto Bar\u00fa.\"><\/p>\n<h3>Delf\u00edn y su cr\u00eda<\/h3>\n<div>\n<p>Un delf\u00edn y su cr\u00eda en el Golfo de Chiriqu\u00ed. Su h\u00e1bitat podr\u00eda verse afectado severamente por la construcci\u00f3n de Puerto Bar\u00fa.<\/p>\n<\/div>\n<\/li>\n<\/ul>\n<p><!--more--><br \/>\n<!-- {\"type\":\"layout\",\"children\":[{\"name\":\"About us\",\"type\":\"section\",\"props\":{\"animation\":\"fade\",\"image_effect\":\"fixed\",\"image_position\":\"center-center\",\"image_size\":\"cover\",\"style\":\"default\",\"title_breakpoint\":\"xl\",\"title_position\":\"top-left\",\"title_rotation\":\"left\",\"vertical_align\":\"\",\"width\":\"default\"},\"children\":[{\"type\":\"row\",\"props\":{\"margin\":\"large\"},\"children\":[{\"type\":\"column\",\"props\":{\"image_position\":\"center-center\",\"position_sticky_breakpoint\":\"m\"},\"children\":[{\"type\":\"headline\",\"props\":{\"content\":\"Galer\\u00eda\",\"margin_remove_bottom\":false,\"title_color\":\"secondary\",\"title_element\":\"h1\",\"title_style\":\"h6\"}},{\"type\":\"headline\",\"props\":{\"block_align\":\"center\",\"content\":\"\\u00daltimas im\\u00e1genes y videos\",\"margin\":\"small\",\"margin_remove_bottom\":true,\"margin_remove_top\":false,\"title_element\":\"h2\",\"title_style\":\"h1\"}},{\"type\":\"text\",\"props\":{\"column_breakpoint\":\"m\",\"content\":\"\n\n<p>En esta p\\u00e1gina puedes ver las im\\u00e1genes relacionadas con lo que est\\u00e1 sucediendo en el terreno, los desaf\\u00edos y \\u00e9xitos que hemos logrado hasta el momento en nuestra campa\\u00f1a para que Puerto Bar\\u00fa sea reconsiderado.<\\\/p>\",\"margin\":\"default\",\"margin_remove_top\":false}}]}]}]},{\"type\":\"section\",\"props\":{\"image_position\":\"center-center\",\"padding_remove_bottom\":false,\"padding_remove_top\":true,\"style\":\"default\",\"title_breakpoint\":\"xl\",\"title_position\":\"top-left\",\"title_rotation\":\"left\",\"vertical_align\":\"\",\"width\":\"large\"},\"children\":[{\"type\":\"row\",\"props\":{\"margin\":\"xlarge\",\"margin_remove_bottom\":true,\"width\":\"default\"},\"children\":[{\"type\":\"column\",\"props\":{\"image_position\":\"center-center\",\"position_sticky_breakpoint\":\"m\"},\"children\":[{\"type\":\"gallery\",\"props\":{\"content_display\":\"lightbox\",\"filter_align\":\"left\",\"filter_all\":true,\"filter_grid_breakpoint\":\"m\",\"filter_grid_width\":\"auto\",\"filter_position\":\"top\",\"filter_style\":\"tab\",\"grid_column_gap\":\"small\",\"grid_default\":\"1\",\"grid_masonry\":\"pack\",\"grid_medium\":\"3\",\"grid_row_gap\":\"small\",\"item_animation\":true,\"lightbox\":true,\"lightbox_bg_close\":true,\"lightbox_video_autoplay\":\"true\",\"link_style\":\"default\",\"link_text\":\"\",\"margin\":\"default\",\"meta_align\":\"below-title\",\"meta_element\":\"div\",\"meta_style\":\"text-meta\",\"overlay_hover\":true,\"overlay_link\":true,\"overlay_mode\":\"cover\",\"overlay_position\":\"center\",\"overlay_style\":\"overlay-primary\",\"overlay_transition\":\"fade\",\"show_content\":true,\"show_hover_image\":true,\"show_hover_video\":true,\"show_link\":true,\"show_meta\":true,\"show_title\":true,\"text_align\":\"center\",\"text_color\":\"light\",\"title_element\":\"h3\",\"title_hover_style\":\"reset\"},\"children\":[{\"type\":\"gallery_item\",\"props\":{\"content\":\"\n\n<p>Ambientalistas y pobladores locales protestan contra el lanzamiento del proyecto Puerto Bar\\u00fa, en David, el 16 de enero de 2025.<\\\/p>\",\"image\":\"wp-content\\\/uploads\\\/2025\\\/01\\\/Protests-at-proposed-Puerto-Baru-site-scaled.jpg\",\"image_alt\":\"Ambientalistas y pobladores locales protestan contra el lanzamiento del proyecto Puerto Bar\\u00fa, en David, el 16 de enero de 2025.\",\"title\":\"Protesta contra el lanzamiento de Puerto Bar\\u00fa\"}},{\"type\":\"gallery_item\",\"props\":{\"content\":\"\n\n<p>Manifestantes alzan pancarta frente al acto de inauraci\\u00f3n del proyecto Par\\u00fa Bar\\u00fa, en Chiriqu\\u00ed, el 16 de enero 2025.<\\\/p>\",\"image\":\"wp-content\\\/uploads\\\/2025\\\/01\\\/Protestors-gather-at-Puerto-Barus-proposed-location.jpg\",\"image_alt\":\"Manifestantes alzan pancarta frente al acto de inauraci\\u00f3n del proyecto Par\\u00fa Bar\\u00fa, en Chiriqu\\u00ed, el 16 de enero 2025.\",\"title\":\"Manifestantes alzan pancarta contra Puerto Bar\\u00fa\"}},{\"type\":\"gallery_item\",\"props\":{\"content\":\"\n\n<p>Manifestaci\\u00f3n por mar contra el lanzamiento del proyecto Puerto Bar\\u00fa, en David, el 16 de enero de 2025.<\\\/p>\",\"image\":\"wp-content\\\/uploads\\\/2025\\\/01\\\/Protests-take-place-at-Puerto-Baru-scaled.jpg\",\"image_alt\":\"Manifestaci\\u00f3n por mar contra el lanzamiento del proyecto Puerto Bar\\u00fa, en David, el 16 de enero de 2025.\",\"title\":\"Protesta por mar contra el lanzamiento del proyecto Puerto Bar\\u00fa\"}},{\"type\":\"gallery_item\",\"props\":{\"content\":\"\n\n<p>Integrantes de la campa\\u00f1a \\\"No a Puerto Bar\\u00fa\\\" se re\\u00fanen para manifestar contra el proyecto en David, el d\\u00eda de su lanzamiento, el 16 de enero de 2025.<\\\/p>\",\"image\":\"wp-content\\\/uploads\\\/2025\\\/01\\\/Environmental-coalition-gathers-to-protest-Puerto-Baru-scaled.jpg\",\"image_alt\":\"Integrantes de la campa\\u00f1a \\\"No a Puerto Bar\\u00fa\\\" se re\\u00fanen para manifestar contra el proyecto en David, el d\\u00eda de su lanzamiento, el 16 de enero de 2025.\",\"title\":\"Integrantes de la campa\\u00f1a contra Puerto Bar\\u00fa protestan contra su lanzamiento\"}},{\"type\":\"gallery_item\",\"props\":{\"content\":\"\n\n<p>Vista \\u00e1rea de los Manglares de David, en el centro de la controversia sobre la construcci\\u00f3n de Puerto Bar\\u00fa en David.<\\\/p>\",\"image\":\"wp-content\\\/uploads\\\/2024\\\/09\\\/Mangroves-of-David.jpg\",\"image_alt\":\"Vista \\u00e1rea de los Manglares de David, en el centro de la controversia sobre la construcci\\u00f3n de Puerto Bar\\u00fa en David.\",\"title\":\"Vista a\\u00e9rea de los Manglares de David\"}},{\"type\":\"gallery_item\",\"props\":{\"content\":\"\n\n<p>Im\\u00e1genes de la protesta por mar de ambientalistas y pobladores locales contra el lanzamiento de Puerto Bar\\u00fa en David, el 16 de enero de 2025<\\\/p>\",\"title\":\"Video de la protesta contra el lanzamiento de Puerto Bar\\u00fa\",\"video\":\"wp-content\\\/uploads\\\/2025\\\/01\\\/protestawithmusic.mp4\"}},{\"type\":\"gallery_item\",\"props\":{\"content\":\"\n\n<p>Vista \\u00e1rea de los Manglares de David, en el centro de la controversia sobre la construcci\\u00f3n de Puerto Bar\\u00fa en David.<\\\/p>\",\"meta\":\"\",\"title\":\"Vista a\\u00e9rea de los Manglares de David 2\",\"video\":\"wp-content\\\/uploads\\\/2024\\\/12\\\/Puerto-Baru.mp4\"}},{\"type\":\"gallery_item\",\"props\":{\"content\":\"\n\n<p>Joana Abrego, gerente legal del CIAM, explica la decisi\\u00f3n de la Corte Suprema de Justicia sobre la suspensi\\u00f3n del Estudio de Impacto Ambiental que avala la construcci\\u00f3n de Puerto Bar\\u00fa in David.<\\\/p>\",\"title\":\"\\u00bfQu\\u00e9 decidi\\u00f3 la CSJ en diciembre de 2024?\",\"video\":\"wp-content\\\/uploads\\\/2025\\\/02\\\/Joana-Abrego-Court-decision.mp4\"}},{\"type\":\"gallery_item\",\"props\":{\"content\":\"\n\n<p>Video que explica qui\\u00e9nes integran la campa\\u00f1a \\\"No a Puerto Bar\\u00fa\\\".<\\\/p>\",\"title\":\"Qui\\u00e9nes somos\",\"video\":\"wp-content\\\/uploads\\\/2025\\\/02\\\/Who-are-we.mp4\"}},{\"type\":\"gallery_item\",\"props\":{\"content\":\"\n\n<p>Video que explica qu\\u00e9 objetivos persigue la campa\\u00f1a \\\"No a Puerto Bar\\u00fa\\\".<\\\/p>\",\"title\":\"\\u00bfQu\\u00e9 quiere nuestra campa\\u00f1a?\",\"video\":\"wp-content\\\/uploads\\\/2025\\\/02\\\/What-we-want.mp4\"}},{\"type\":\"gallery_item\",\"props\":{\"content\":\"\n\n<p>Video que explica por qu\\u00e9 el proyecto Puerto Bar\\u00fa, tal y como est\\u00e1 propuesto, afectar\\u00e1 los delicados ecosistemas alrededor de los Manglares de David.<\\\/p>\",\"title\":\"\\u00bfCual es el problema con Puerto Bar\\u00fa\",\"video\":\"wp-content\\\/uploads\\\/2025\\\/02\\\/What-is-the-problem-with-Puerto-Baru.mp4\"}},{\"type\":\"gallery_item\",\"props\":{\"content\":\"\n\n<p>Una ballena jorobada asoma la cabeza en el Golfo de Chiriqu\\u00ed. La ballena jorobada es una de las especies que se ver\\u00e1 afectada si Puerto Bar\\u00fa es construido en David. Foto: cortes\\u00eda Eduardo Estrada<\\\/p>\",\"image\":\"wp-content\\\/uploads\\\/2025\\\/02\\\/Humpack-whale.jpg\",\"image_alt\":\"Una ballena jorobada asoma la cabeza en el Golfo de Chiriqu\\u00ed. La ballena jorobada es una de las especies que se ver\\u00e1 afectada si Puerto Bar\\u00fa es construido en David. Foto: cortes\\u00eda Eduardo Estrada\",\"title\":\"Ballena jorobada\"}},{\"type\":\"gallery_item\",\"props\":{\"content\":\"\n\n<p>Vista \\u00e1rea de un canal que atraviesa los Manglares de David.<\\\/p>\",\"image\":\"wp-content\\\/uploads\\\/2025\\\/02\\\/Canal-through-the-David-Mangroves.jpg\",\"image_alt\":\"Vista \\u00e1rea de un canal que atraviesa los Manglares de David.\",\"title\":\"Canal, Manglares de David\"}},{\"type\":\"gallery_item\",\"props\":{\"content\":\"\n\n<p>Mapa que muestra el canal de navegaci\\u00f3n que ser\\u00e1 necesario para que los barcos puedan entrar y salir de Puerto Bar\\u00fa. El canal atraviesa los Manglares de David.<\\\/p>\",\"image\":\"wp-content\\\/uploads\\\/2025\\\/02\\\/Puerto-Baru-navigation-channel.jpg\",\"image_alt\":\"Mapa que muestra el canal de navegaci\\u00f3n que ser\\u00e1 necesario para que los barcos puedan entrar y salir de Puerto Bar\\u00fa. El canal atraviesa los Manglares de David.\",\"title\":\"Canal de navegaci\\u00f3n propuesto para Puerto Bar\\u00fa\"}},{\"type\":\"gallery_item\",\"props\":{\"content\":\"\n\n<p>Mangles a los lados de uno de los canales en los Manglares de David.<\\\/p>\",\"image\":\"wp-content\\\/uploads\\\/2025\\\/02\\\/Inside-the-David-Mangroves.jpg\",\"image_alt\":\"Mangles a los lados de uno de los canales en los Manglares de David.\",\"title\":\"Dentro de los Manglares de David\"}},{\"type\":\"gallery_item\",\"props\":{\"content\":\"\n\n<p>Una familia de pescadores se prepara para la faena en las aguas del Golfo de Chiriqu\\u00ed.<\\\/p>\",\"image\":\"wp-content\\\/uploads\\\/2025\\\/02\\\/Family-of-fishermen.jpg\",\"image_alt\":\"Una familia de pescadores se prepara para la faena en las aguas del Golfo de Chiriqu\\u00ed.\",\"title\":\"Familia de pescadores\"}},{\"type\":\"gallery_item\",\"props\":{\"content\":\"\n\n<p>Turistas y pobladores locales disfrutan de un d\\u00eda de playa en la pr\\u00edstina costa del Golfo de Chiriqu\\u00ed, actualmente amenazada por el proyecto Puerto Bar\\u00fa.<\\\/p>\",\"image\":\"wp-content\\\/uploads\\\/2025\\\/02\\\/Beachgoers-at-Chiriqui.jpg\",\"image_alt\":\"Turistas y pobladores locales disfrutan de un d\\u00eda de playa en la pr\\u00edstina costa del Golfo de Chiriqu\\u00ed, actualmente amenazada por el proyecto Puerto Bar\\u00fa.\",\"title\":\"Vacacionistas en una de las playas de Chiriqu\\u00ed\"}},{\"type\":\"gallery_item\",\"props\":{\"content\":\"\n\n<p>Un delf\\u00edn y su cr\\u00eda en el Golfo de Chiriqu\\u00ed. Su h\\u00e1bitat podr\\u00eda verse afectado severamente por la construcci\\u00f3n de Puerto Bar\\u00fa.<\\\/p>\",\"image\":\"wp-content\\\/uploads\\\/2025\\\/02\\\/Dolphin-and-cub.jpg\",\"image_alt\":\"Un delf\\u00edn y su cr\\u00eda en el Golfo de Chiriqu\\u00ed. Su h\\u00e1bitat podr\\u00eda verse afectado severamente por la construcci\\u00f3n de Puerto Bar\\u00fa.\",\"title\":\"Delf\\u00edn y su cr\\u00eda\"}}]}]}]}],\"name\":\"Posts\",\"modified\":\"2021-03-09T14:21:34.160Z\"}],\"version\":\"4.5.6\"} --><\/p>\n","protected":false},"excerpt":{"rendered":"<p>Galer\u00eda \u00daltimas im\u00e1genes y videos En esta p\u00e1gina puedes ver las im\u00e1genes relacionadas con lo que est\u00e1 sucediendo en el terreno, los desaf\u00edos y \u00e9xitos que hemos logrado hasta el momento en nuestra campa\u00f1a para que Puerto Bar\u00fa sea reconsiderado. Protesta contra el lanzamiento de Puerto Bar\u00fa Ambientalistas y pobladores locales protestan contra el lanzamiento [&hellip;]<\/p>\n","protected":false},"author":1,"featured_media":0,"parent":0,"menu_order":0,"comment_status":"closed","ping_status":"closed","template":"","meta":{"_acf_changed":false,"footnotes":""},"class_list":["post-690","page","type-page","status-publish","hentry"],"acf":[],"yoast_head":"<!-- This site is optimized with the Yoast SEO plugin v27.5 - https:\/\/yoast.com\/product\/yoast-seo-wordpress\/ -->\n<title>Galer\u00eda - No a Puerto Bar&uacute;<\/title>\n<meta name=\"robots\" content=\"index, follow, max-snippet:-1, max-image-preview:large, max-video-preview:-1\" \/>\n<link rel=\"canonical\" href=\"https:\/\/noapuertobaru.com\/en\/gallery\/\" \/>\n<meta property=\"og:locale\" content=\"en_GB\" \/>\n<meta property=\"og:type\" content=\"article\" \/>\n<meta property=\"og:title\" content=\"Galer\u00eda - No a Puerto Bar&uacute;\" \/>\n<meta property=\"og:description\" content=\"Galer\u00eda \u00daltimas im\u00e1genes y videos En esta p\u00e1gina puedes ver las im\u00e1genes relacionadas con lo que est\u00e1 sucediendo en el terreno, los desaf\u00edos y \u00e9xitos que hemos logrado hasta el momento en nuestra campa\u00f1a para que Puerto Bar\u00fa sea reconsiderado. Protesta contra el lanzamiento de Puerto Bar\u00fa Ambientalistas y pobladores locales protestan contra el lanzamiento [&hellip;]\" \/>\n<meta property=\"og:url\" content=\"https:\/\/noapuertobaru.com\/en\/gallery\/\" \/>\n<meta property=\"og:site_name\" content=\"No a Puerto Bar&uacute;\" \/>\n<meta property=\"article:modified_time\" content=\"2025-02-28T08:38:13+00:00\" \/>\n<meta property=\"og:image\" content=\"https:\/\/noapuertobaru.com\/wp-content\/uploads\/2024\/10\/puertobaru.jpg\" \/>\n\t<meta property=\"og:image:width\" content=\"2560\" \/>\n\t<meta property=\"og:image:height\" content=\"1440\" \/>\n\t<meta property=\"og:image:type\" content=\"image\/jpeg\" \/>\n<meta name=\"twitter:card\" content=\"summary_large_image\" \/>\n<script type=\"application\/ld+json\" class=\"yoast-schema-graph\">{\"@context\":\"https:\\\/\\\/schema.org\",\"@graph\":[{\"@type\":\"WebPage\",\"@id\":\"https:\\\/\\\/noapuertobaru.com\\\/galeria\\\/\",\"url\":\"https:\\\/\\\/noapuertobaru.com\\\/galeria\\\/\",\"name\":\"Galer\u00eda - No a Puerto Bar&uacute;\",\"isPartOf\":{\"@id\":\"https:\\\/\\\/noapuertobaru.com\\\/#website\"},\"datePublished\":\"2025-02-20T07:39:39+00:00\",\"dateModified\":\"2025-02-28T08:38:13+00:00\",\"breadcrumb\":{\"@id\":\"https:\\\/\\\/noapuertobaru.com\\\/galeria\\\/#breadcrumb\"},\"inLanguage\":\"en-GB\",\"potentialAction\":[{\"@type\":\"ReadAction\",\"target\":[\"https:\\\/\\\/noapuertobaru.com\\\/galeria\\\/\"]}]},{\"@type\":\"BreadcrumbList\",\"@id\":\"https:\\\/\\\/noapuertobaru.com\\\/galeria\\\/#breadcrumb\",\"itemListElement\":[{\"@type\":\"ListItem\",\"position\":1,\"name\":\"Home\",\"item\":\"https:\\\/\\\/noapuertobaru.com\\\/\"},{\"@type\":\"ListItem\",\"position\":2,\"name\":\"Galer\u00eda\"}]},{\"@type\":\"WebSite\",\"@id\":\"https:\\\/\\\/noapuertobaru.com\\\/#website\",\"url\":\"https:\\\/\\\/noapuertobaru.com\\\/\",\"name\":\"No a Puerto Bar\u00fa\",\"description\":\"No a Puerto Bar&uacute; is a coalition of environmental organisations from Panama.\",\"potentialAction\":[{\"@type\":\"SearchAction\",\"target\":{\"@type\":\"EntryPoint\",\"urlTemplate\":\"https:\\\/\\\/noapuertobaru.com\\\/?s={search_term_string}\"},\"query-input\":{\"@type\":\"PropertyValueSpecification\",\"valueRequired\":true,\"valueName\":\"search_term_string\"}}],\"inLanguage\":\"en-GB\"}]}<\/script>\n<!-- \/ Yoast SEO plugin. -->","yoast_head_json":{"title":"Gallery - No to Puerto Baru","robots":{"index":"index","follow":"follow","max-snippet":"max-snippet:-1","max-image-preview":"max-image-preview:large","max-video-preview":"max-video-preview:-1"},"canonical":"https:\/\/noapuertobaru.com\/en\/gallery\/","og_locale":"en_GB","og_type":"article","og_title":"Galer\u00eda - No a Puerto Bar&uacute;","og_description":"Galer\u00eda \u00daltimas im\u00e1genes y videos En esta p\u00e1gina puedes ver las im\u00e1genes relacionadas con lo que est\u00e1 sucediendo en el terreno, los desaf\u00edos y \u00e9xitos que hemos logrado hasta el momento en nuestra campa\u00f1a para que Puerto Bar\u00fa sea reconsiderado. Protesta contra el lanzamiento de Puerto Bar\u00fa Ambientalistas y pobladores locales protestan contra el lanzamiento [&hellip;]","og_url":"https:\/\/noapuertobaru.com\/en\/gallery\/","og_site_name":"No a Puerto Bar&uacute;","article_modified_time":"2025-02-28T08:38:13+00:00","og_image":[{"width":2560,"height":1440,"url":"https:\/\/noapuertobaru.com\/wp-content\/uploads\/2024\/10\/puertobaru.jpg","type":"image\/jpeg"}],"twitter_card":"summary_large_image","schema":{"@context":"https:\/\/schema.org","@graph":[{"@type":"WebPage","@id":"https:\/\/noapuertobaru.com\/galeria\/","url":"https:\/\/noapuertobaru.com\/galeria\/","name":"Gallery - No to Puerto Baru","isPartOf":{"@id":"https:\/\/noapuertobaru.com\/#website"},"datePublished":"2025-02-20T07:39:39+00:00","dateModified":"2025-02-28T08:38:13+00:00","breadcrumb":{"@id":"https:\/\/noapuertobaru.com\/galeria\/#breadcrumb"},"inLanguage":"en-GB","potentialAction":[{"@type":"ReadAction","target":["https:\/\/noapuertobaru.com\/galeria\/"]}]},{"@type":"BreadcrumbList","@id":"https:\/\/noapuertobaru.com\/galeria\/#breadcrumb","itemListElement":[{"@type":"ListItem","position":1,"name":"Home","item":"https:\/\/noapuertobaru.com\/"},{"@type":"ListItem","position":2,"name":"Galer\u00eda"}]},{"@type":"WebSite","@id":"https:\/\/noapuertobaru.com\/#website","url":"https:\/\/noapuertobaru.com\/","name":"No To Puerto Bar\u00fa","description":"No a Puerto Bar\u00fa is a coalition of environmental organisations from Panama.","potentialAction":[{"@type":"SearchAction","target":{"@type":"EntryPoint","urlTemplate":"https:\/\/noapuertobaru.com\/?s={search_term_string}"},"query-input":{"@type":"PropertyValueSpecification","valueRequired":true,"valueName":"search_term_string"}}],"inLanguage":"en-GB"}]}},"_links":{"self":[{"href":"https:\/\/noapuertobaru.com\/en\/wp-json\/wp\/v2\/pages\/690","targetHints":{"allow":["GET"]}}],"collection":[{"href":"https:\/\/noapuertobaru.com\/en\/wp-json\/wp\/v2\/pages"}],"about":[{"href":"https:\/\/noapuertobaru.com\/en\/wp-json\/wp\/v2\/types\/page"}],"author":[{"embeddable":true,"href":"https:\/\/noapuertobaru.com\/en\/wp-json\/wp\/v2\/users\/1"}],"replies":[{"embeddable":true,"href":"https:\/\/noapuertobaru.com\/en\/wp-json\/wp\/v2\/comments?post=690"}],"version-history":[{"count":23,"href":"https:\/\/noapuertobaru.com\/en\/wp-json\/wp\/v2\/pages\/690\/revisions"}],"predecessor-version":[{"id":761,"href":"https:\/\/noapuertobaru.com\/en\/wp-json\/wp\/v2\/pages\/690\/revisions\/761"}],"wp:attachment":[{"href":"https:\/\/noapuertobaru.com\/en\/wp-json\/wp\/v2\/media?parent=690"}],"curies":[{"name":"wp","href":"https:\/\/api.w.org\/{rel}","templated":true}]}}