{"id":25,"date":"2024-09-26T08:11:38","date_gmt":"2024-09-26T07:11:38","guid":{"rendered":"https:\/\/noapuertobaru.com\/?page_id=25"},"modified":"2025-05-14T13:47:29","modified_gmt":"2025-05-14T12:47:29","slug":"about-us","status":"publish","type":"page","link":"https:\/\/noapuertobaru.com\/en\/about-us\/","title":{"rendered":"Who are we"},"content":{"rendered":"<h1>Qui\u00e9nes somos<\/h1>\n<h2>El proyecto Puerto Bar\u00fa<\/h2>\n<div>\n<p>Un grupo de inversionistas privados se ha comprometido a construir un puerto multiprop\u00f3sito, conocido como Puerto Bar\u00fa, a 20km del centro de la ciudad de David, en la provincia de Chiriqu\u00ed, Panam\u00e1.<\/p>\n<p>El proyecto operar\u00e1 en la regi\u00f3n occidental, cerca de un \u00e1rea que sirve de hogar a un cuarto de todos los manglares de Panam\u00e1. El proyecto atraviesa los Manglares de David, que fueron declarados como \u00e1rea protegida por el Concejo Municipal del distrito de David, en el acuerdo n\u00famero 21 del 6 de junio de 2007.<\/p>\n<p>Como parte del proyecto Puerto Bar\u00fa, los inversionistas planean construir un \u00e1rea de puerto principal, un tanque para l\u00edquidos como aceite de palma, gasolina, di\u00e9sel y combustible para aviones, una zona tur\u00edstica y un complejo residencial.<\/p>\n<\/div>\n<div>\n<p>The environmentally protected area would be under threat by the construction and running of the port.<\/p>\n<\/div>\n<p><img decoding=\"async\" src=\"\/wp-content\/uploads\/2024\/10\/puerto-baru-logo-spanish-outlined.svg\" alt=\"\"><br \/>\n<img decoding=\"async\" src=\"\/wp-content\/uploads\/2024\/10\/map-of-puerto-baru.jpg\" alt=\"\"><\/p>\n<div>\n<p>El \u00e1rea protegida se ver\u00e1 amenazada por la construcci\u00f3n y la operaci\u00f3n del puerto.<\/p>\n<\/div>\n<div>\n<p>Mientras que el puerto se eregir\u00e1 en tierras privadas,\u00a0 la actividad desde mar abierto hacia el puerto crea la posibilidad de un da\u00f1o permanente al delicado ecosistema.<\/p>\n<p>Para que los barcos puedan entrar y salir del puerto ser\u00e1 necesario construir un canal de navegaci\u00f3n. El canal se extender\u00e1 desde el Pac\u00edfico Norte, pasar\u00e1 por Boca Brava, cruzar\u00e1 Isla Muertos y llegar\u00e1 al r\u00edo Chiriqu\u00ed.<\/p>\n<p>La construcci\u00f3n y operaci\u00f3n del canal de navegaci\u00f3n amenaza un ecosistema natural de gran valor para Panam\u00e1 y el planeta.<\/p>\n<p>Para construir este canal, el proyecto requerir\u00e1 dragar partes del canal de navegaci\u00f3n para alcanzar una profundidad de hasta 12 metros. Se estima que se removar\u00e1n 9 millones m&sup3; (un volumen equivalente a 600,000 camiones volquetes de sedimentos) del lecho marino durante la etapa de construcci\u00f3n y 800,000 m&sup3; cada dos a\u00f1os.<\/p>\n<p>Creemos que estas acciones causar\u00e1n un da\u00f1o irreversible al medioambiente, as\u00ed como a los vastos recursos naturales de Panam\u00e1 &#8211; y del planeta.<\/p>\n<\/div>\n<h3>Por qu\u00e9 decimos No a Puerto Bar\u00fa<\/h3>\n<div>\n<p>La administraci\u00f3n anterior del Ministerio de Ambiente aprob\u00f3 la construcci\u00f3n y operaci\u00f3n de un puerto multiprop\u00f3sito en uno de los manglares m\u00e1s importantes de Panam\u00e1. El proyecto tendr\u00e1 un impacto inevitable en los delicados y diversos ecosistemas de esta \u00e1rea protegida, los Manglares de David. Nosotros decimos: \u00a1No a Puerto Bar\u00fa!<\/p>\n<p>Los trabajos de dragado que se requieren para la construcci\u00f3n del canal de navegaci\u00f3n y su operaci\u00f3n podr\u00edan causar devastaci\u00f3n a los manglares y afectar cientos de especies, incluidos delfines nariz de botella, ballenas jorobadas, arrecifes de coral y otras formas de vida marina.<\/p>\n<p>Los constructores prometen crecimiento econ\u00f3mico, pero nosotros decimos que ese crecimiento nos costar\u00e1 el planeta.<\/p>\n<\/div>\n<div>Unidos por nuestros manglares<\/div>\n<h3>Somos un grupo de organizaciones e individuos detr\u00e1s de una causa com\u00fan.<\/h3>\n<div>\n<p>No a Puerto Bar\u00fa es un grupo de organizaciones e individuos de Panam\u00e1, incluidos cient\u00edficos marinos, abogados ambientales, bi\u00f3logos y t\u00e9cnicos preocupados por el impacto que el proyecto tendr\u00e1 en el medioambiente.<\/p>\n<p>Como parte de la campa\u00f1a, el Centro de Incidencia Ambiental (CIAM Panam\u00e1), la Asociaci\u00f3n Centro de Estudios y Acci\u00f3n Social Paname\u00f1o (CEASPA), la Asociaci\u00f3n ADOPTA Bosque Panam\u00e1,\u00a0 la Fundaci\u00f3n para el Desarrollo Integral, Comunitario y Conservaci\u00f3n de los Ecosistemas en Panam\u00e1 (FUNDICCEP), la Fundaci\u00f3n Panacetacea Panam\u00e1 (Panacetacea) y el Proyecto Primates Panam\u00e1 (PP) han unido sus fuerzas para salvar nuestros manglares.<\/p>\n<p>Estamos trabajando juntos para que el proyecto Puerto Bar\u00fa sea reconsiderado y reubicado en un lugar m\u00e1s apropiado. El plan actual implica construir un puerto en una zona que alberga la cuarta parte de los manglares de Panam\u00e1. No podemos permitirlo.<\/p>\n<p>El 5 de septiembre presentamos una demanda ante la Corte Suprema de Justicia de Panam\u00e1 con el objetivo de suspender la aprobaci\u00f3n del Estudio de Impacto Ambiental y lograr que se declare nulo.<\/p>\n<p>Este es el primer paso para asegurarnos de que la persecuci\u00f3n ciega del desarrollo econ\u00f3mico no traiga consigo da\u00f1os irreversibles. Queremos que la Corte Suprema vuelva a analizar el caso y c\u00f3mo fue aprobado.<\/p>\n<\/div>\n<h1>Impacto global<\/h1>\n<h3>Si no detenemos Puerto Bar\u00fa, nuestros manglares no ser\u00e1n los \u00fanicos que desaparezcan para siempre.<\/h3>\n<div>\n<p>En los \u00faltimos 50 a\u00f1os, Panam\u00e1 ha perdido casi LA MITAD de sus manglares debido a la expansi\u00f3n urbana y las tierras dedicadas a la agricultura.<\/p>\n<p>A este paso, habremos perdido el 100% de nuestros manglares para 2072. Pong\u00e1moslo en perspectiva: la totalidad de nuestros manglares habr\u00e1 desaparecido para cuando un joven que tiene 14 a\u00f1os en 2024 alcance la edad de retiro.<\/p>\n<p>Esto ser\u00eda devastador, no s\u00f3lo para Panam\u00e1, sino tambi\u00e9n para el resto del mundo.<\/p>\n<\/div>\n<div>\u00bfPor qu\u00e9?<\/div>\n<div>\n<p>Porque los manglares paname\u00f1os se cuentan entre los m\u00e1s importantes en la batalla global contra el cambio clim\u00e1tico y son parte esencial de la seguridad alimentaria de la poblaci\u00f3n, en especial de las comunidades costeras. La p\u00e9rdida de manglares contribuye a la p\u00e9rdida de especies de inter\u00e9s comercial.<\/p>\n<p>Los manglares son una herramienta cr\u00edtica de protecci\u00f3n natural al absorber el carbono de la atm\u00f3sfera y enterrarlo de manera eficaz en sus ra\u00edces submarinas. Esto se denomina captura de carbono azul.<\/p>\n<p>Panam\u00e1 es uno de los tres pa\u00edses del mundo que se consideran \u201ccarbono negativos\u201d. Esto se debe enteramente a sus enormes bosques de manglares.<\/p>\n<p>Los manglares tambi\u00e9n son fundamentales para proteger viviendas, pueblos e infraestructura de tormentas tropicales e inundaciones a nivel local. A medida que la emergencia clim\u00e1tica se intensifica, el papel cr\u00edtico que juegan es m\u00e1s importante que nunca.<\/p>\n<\/div>\n<h3>Debemos proteger los bosques de manglares de Panam\u00e1 y decirle No a Puerto Bar\u00fa.<\/h3>\n<div>\n<p><span>El gobierno anterior le dio luz verde al proyecto sin que el Ministerio del Ambiente escuchara la opini\u00f3n de la gente.<\/span><\/p>\n<p>No debi\u00f3 aprobarse sin eso.<\/p>\n<p>Por ese motivo nos ponemos de pie. Somos la voz de quienes nunca tuvieron la oportunidad de expresarse.<\/p>\n<p>Estamos tratando de salvar nuestros manglares, que son esenciales en la carrera global por proteger el planeta antes de que sea demasiado tarde. Una vez que el da\u00f1o est\u00e9 hecho, no habr\u00e1 vuelta atr\u00e1s.<\/p>\n<p>De m\u00e1s est\u00e1 decir que nadie quiere interponerse al desarrollo econ\u00f3mico. Pero necesitamos desarrollo econ\u00f3mico sustentable.<\/p>\n<\/div>\n<div>\n<div class=\"uk-height-small uk-hidden@m\"><\/div>\n<\/div>\n<h3><span>Nuestra campa\u00f1a es un esfuerzo conjunto de organizaciones e individuos.<\/span><\/h3>\n<div>\n<p><span>Comenz\u00f3 por iniciativa del CIAM, la CEASPA, ADOPTA Bosque Panam\u00e1, el FUNDICCEP, Panacetacea y el Proyecto Primates Panam\u00e1, pero congrega a bi\u00f3logos marinos, abogados ambientalistas, especialistas y t\u00e9cnicos dedicados a proteger la biodiversidad \u00fanica de Panam\u00e1.<\/span><\/p>\n<\/div>\n<h3>Centro de Incidencia Ambiental (CIAM Panam\u00e1)<\/h3>\n<p><p>\n        <a href=\"https:\/\/ciampanama.org\/\">ciampanama.org<\/a>\n    <\/p>\n<\/p>\n<p><img decoding=\"async\" src=\"\/wp-content\/uploads\/2024\/09\/EWKH4hyWsAImgSW.png\" alt=\"\"><\/p>\n<div>\n<p>Fundado en 2007 por la sociedad civil paname\u00f1a, el CIAM es una organizaci\u00f3n comprometida con la justicia ambiental. Se enfoca en la defensa del derecho humano a un medioambiente limpio a trav\u00e9s del litigio estrat\u00e9gico, la defensa ambiental y el fomento de la participaci\u00f3n p\u00fablica.<\/p>\n<p>El CIAM ofrece asistencia legal gratuita a las comunidades m\u00e1s vulnerables a los da\u00f1os ambientales y lucha activamente contra el racismo ambiental. Al emprender acciones legales, que a menudo llegan hasta la Corte Suprema, el CIAM exige responsabilidades a las corporaciones e instituciones, garantizando la protecci\u00f3n de los ecosistemas naturales de Panam\u00e1. Mediante una combinaci\u00f3n de impugnaciones legales, promoci\u00f3n de pol\u00edticas y participaci\u00f3n comunitaria, el CIAM trabaja para influir en las decisiones ambientales que afectan el futuro de Panam\u00e1.<\/p>\n<\/div>\n<hr>\n<h3>Asociaci\u00f3n Centro de Estudios y Acci\u00f3n Social Paname\u00f1o (CEASPA)<\/h3>\n<p><p>\n        <a href=\"http:\/\/ceaspa.org.pa\/\">ceaspa.org.pa<\/a>\n    <\/p>\n<\/p>\n<p><img decoding=\"async\" src=\"\/wp-content\/uploads\/2024\/09\/LOGO-1.png\" alt=\"\"><\/p>\n<div>\n<p>CEASPA (Centro de Estudios y Acci\u00f3n Social Paname\u00f1o) es una organizaci\u00f3n sin fines de lucro en Panam\u00e1 dedicada a la conservaci\u00f3n ambiental, la justicia social y el desarrollo sostenible. Fundada en 1977, CEASPA trabaja para proteger los recursos naturales de Panam\u00e1 y promover los derechos de las comunidades vulnerables.<\/p>\n<p>La organizaci\u00f3n implementa una amplia gama de iniciativas, que incluyen educaci\u00f3n ambiental, participaci\u00f3n comunitaria y proyectos de desarrollo sostenible. CEASPA trabaja en estrecha colaboraci\u00f3n con grupos ind\u00edgenas, comunidades rurales y otras organizaciones e individuos interesados en fomentar la gesti\u00f3n ambiental, defender la equidad social y promover pr\u00e1cticas que protejan los ecosistemas y mejoren la calidad de vida local.<\/p>\n<p>El impacto de CEASPA se extiende por varias d\u00e9cadas, con programas que han fortalecido la conciencia ambiental, empoderado a comunidades marginadas e influido en las pol\u00edticas nacionales. Su trabajo incluye esfuerzos de reforestaci\u00f3n, proyectos de agricultura sostenible e iniciativas que abordan el cambio clim\u00e1tico. Al combinar la protecci\u00f3n ambiental con la acci\u00f3n social, CEASPA contin\u00faa desempe\u00f1ando un papel clave en el fomento de un futuro sostenible y equitativo para los paname\u00f1os y el medio ambiente nacional.<\/p>\n<\/div>\n<hr>\n<h3>Asociaci\u00f3n ADOPTA Bosque Panam\u00e1<\/h3>\n<p><p>\n        <a href=\"https:\/\/adoptabosque.org\/\">adoptabosque.org<\/a>\n    <\/p>\n<\/p>\n<p><img decoding=\"async\" src=\"\/wp-content\/uploads\/2024\/11\/Adopta-Bosque.png\" alt=\"\"><\/p>\n<div>\n<p>Fundada en 2004, la Asociaci\u00f3n ADOPTA Bosque Panam\u00e1 es una organizaci\u00f3n sin fines de lucro dedicada a conservar los ecosistemas \u00fanicos de Panam\u00e1, con un enfoque en la preservaci\u00f3n de la selva tropical, el desarrollo sostenible y la educaci\u00f3n ambiental.<\/p>\n<p>ADOPTA crea conciencia p\u00fablica mediante la participaci\u00f3n de las comunidades locales en programas de ciencia ciudadana y el desarrollo de reservas naturales privadas para promover la reforestaci\u00f3n sostenible.<\/p>\n<p>ADOPTA estableci\u00f3 con \u00e9xito la reserva de Cerro Chucant\u00ed en la provincia de Dari\u00e9n y la reserva de San Bartolo a lo largo de la frontera entre Panam\u00e1 y Costa Rica, las cuales protegen ecosistemas cr\u00edticos y especies en peligro de extinci\u00f3n. ADOPTA tambi\u00e9n ejecuta un programa de monitoreo l\u00edder a nivel mundial para los millones de aves rapaces que se encuentran en Panam\u00e1 cada a\u00f1o.<\/p>\n<\/div>\n<hr>\n<h3>Fundaci\u00f3n para el Desarrollo Integral, Comunitario y Conservaci\u00f3n de los Ecosistemas en Panam\u00e1 (FUNDICCEP)<\/h3>\n<p><p>\n        <a href=\"https:\/\/fundiccep.org\/index.html\">fundiccep.org<\/a>\n    <\/p>\n<\/p>\n<p><img decoding=\"async\" src=\"\/wp-content\/uploads\/2024\/11\/LOGO-FUNDICCEP-PNG.png\" alt=\"\"><\/p>\n<div>\n<p><span>Fundada en 1996, FUNDICCEP (Fundaci\u00f3n para el Desarrollo Integral, Comunitario y Conservaci\u00f3n de Ecosistemas en Panam\u00e1) es una organizaci\u00f3n sin fines de lucro especializada en la protecci\u00f3n de los recursos naturales, particularmente en las regiones altas de Chiriqu\u00ed, y en la gesti\u00f3n de proyectos comunitarios relacionados con la agricultura sostenible y el medio ambiente.<\/span><\/p>\n<p>A trav\u00e9s de la colaboraci\u00f3n con las comunidades y organizaciones locales, FUNDICCEP empodera a los agricultores, educa a los ciudadanos e implementa estrategias de protecci\u00f3n ambiental como la reforestaci\u00f3n, la conservaci\u00f3n del suelo y el agua y la prevenci\u00f3n de incendios forestales. Su trabajo incluye la creaci\u00f3n de modelos agroforestales sostenibles, la promoci\u00f3n de la agricultura org\u00e1nica y el desarrollo de programas de concienciaci\u00f3n ambiental conjuntamente con organizaciones nacionales e internacionales.<\/p>\n<p>El trabajo de FUNDICCEP ha tenido un impacto significativo en la preservaci\u00f3n de ecosistemas cr\u00edticos, incluidos los de la Reserva de la Biosfera La Amistad. Sus iniciativas han ayudado a reducir la erosi\u00f3n del suelo, conservar la biodiversidad y proteger los recursos h\u00eddricos, asegurando un futuro sostenible tanto para el medio ambiente como para las comunidades locales.<\/p>\n<\/div>\n<hr>\n<h3>Fundaci\u00f3n Panacetacea Panama (Panacetacea)<\/h3>\n<p><p>\n        <a href=\"https:\/\/panacetacea.org\/es\/nosotros\/\">panacetacea.org<\/a>\n    <\/p>\n<\/p>\n<p><img decoding=\"async\" src=\"\/wp-content\/uploads\/2024\/09\/Marca-Panacetacea-03.png\" alt=\"\"><\/p>\n<div>\n<p>Fundada en 2017, la Fundaci\u00f3n Panacetacea Panam\u00e1 es la filial paname\u00f1a de la organizaci\u00f3n sin fines de lucro estadounidense Panacetacea. Panacetacea re\u00fane a un equipo internacional de bi\u00f3logos marinos dedicados al estudio y la conservaci\u00f3n de las poblaciones de mam\u00edferos marinos de Panam\u00e1 y sus h\u00e1bitats.<\/p>\n<p>La Fundaci\u00f3n Panacetacea Panam\u00e1 realiza investigaciones cient\u00edficas y de monitoreo de especies marinas, desarrolla iniciativas educativas para generar conciencia p\u00fablica y dise\u00f1a estrategias de conservaci\u00f3n efectivas. Su trabajo se centra principalmente en el Golfo de Chiriqu\u00ed y el Archipi\u00e9lago de Bocas del Toro, con esfuerzos adicionales en el Parque Nacional Coiba y el Refugio de Vida Silvestre Isla Iguana.<\/p>\n<p>La Fundaci\u00f3n Panacetacea Panam\u00e1 ha llevado a cabo investigaciones de vanguardia a nivel mundial, estudiando m\u00e1s de 1.000 ballenas jorobadas en el Golfo de Chiriqu\u00ed y creando una base de datos con seguimiento de largo plazo para rastrear las tendencias de la poblaci\u00f3n. Tambi\u00e9n participa en una red internacional de monitoreo marino, en asociaci\u00f3n con la Universidad de Vermont, la Universidad de Costa Rica y el Ministerio de Ambiente de Panam\u00e1.<\/p>\n<\/div>\n<hr>\n<h3>Proyecto Primates Panam\u00e1<\/h3>\n<p><p>\n        <a href=\"https:\/\/proyectoprimatespanama.org\/\">proyectoprimatespanama.org<\/a>\n    <\/p>\n<\/p>\n<p><img decoding=\"async\" src=\"\/wp-content\/uploads\/2024\/11\/Proyecto-Primates-Panama.png\" alt=\"\"><\/p>\n<div>\n<p><span>Fundado en 2016 por el Dr. Ariel Rodr\u00edguez-Vargas, el Proyecto Primates Panam\u00e1 se centra en la conservaci\u00f3n de la poblaci\u00f3n de primates silvestres de Panam\u00e1. El proyecto busca preservar los bosques y el ecosistema m\u00e1s amplio del que dependen tanto los primates como los humanos.<\/span><\/p>\n<p>Esta iniciativa es a la vez social y cient\u00edfica, y su objetivo es simple: proteger la biodiversidad a trav\u00e9s de la investigaci\u00f3n, la educaci\u00f3n y las pr\u00e1cticas de desarrollo sostenible. El proyecto trabaja junto a comunidades locales para crear conciencia sobre el papel de los primates en el mantenimiento de ecosistemas saludables y el ecoturismo sostenible. Tambi\u00e9n realiza estudios de investigaci\u00f3n en relaci\u00f3n con las diversas especies de primates que se encuentran en Panam\u00e1, incluida una amplia gama de monos, capuchinos y tamarinos.<\/p>\n<p>Hasta la fecha, el Proyecto ha establecido con \u00e9xito campa\u00f1as que protegen a los primates de Panam\u00e1 de los incendios forestales anuales y contra un muro de concreto construido a lo largo de la Carretera Interamericana que ha afectado negativamente tanto la biodiversidad del \u00e1rea como la poblaci\u00f3n de primates silvestres.<\/p>\n<\/div>\n<h3><span data-teams=\"true\" _msttexthash=\"579774\" _msthash=\"1843\">Supporting Organizations<\/span><\/h3>\n<p><img decoding=\"async\" src=\"\/wp-content\/uploads\/2025\/05\/Untitled-Website-1.jpg\" alt=\"\"><\/p>\n<h1>Ap\u00f3yanos<\/h1>\n<h3>Exploremos alternativas.<\/h3>\n<div>\n<p>Hay otras opciones donde se puede construir en Panam\u00e1. Puerto Armuelles, en la misma regi\u00f3n, ya ha sido identificado por estudios como viable para esta clase de megaproyecto. Y no nos costar\u00eda un mundo &#8211; financiera o ambientalmente.<\/p>\n<p>El crecimiento global no deber\u00eda ocurrir al costo del planeta. Destruir nuestros recursos naturales es un precio que nadie puede pagar.<\/p>\n<\/div>\n<p><p>\n        <a href=\"\/contactanos\/\">Apoya la campa\u00f1a<\/a>\n    <\/p>\n<\/p>\n<div>\n<noscript class=\"ninja-forms-noscript-message\">\n\tNotice: JavaScript is required for this content.<\/noscript>\n<div id=\"nf-form-1-cont\" class=\"nf-form-cont\" aria-live=\"polite\" aria-labelledby=\"nf-form-title-1\" aria-describedby=\"nf-form-errors-1\" role=\"form\">\n\n    <div class=\"nf-loading-spinner\"><\/div>\n\n<\/div>\n        <!-- That data is being printed as a workaround to page builders reordering the order of the scripts loaded-->\n        <script>var formDisplay=1;var nfForms=nfForms||[];var form=[];form.id='1';form.settings={\"objectType\":\"Form Setting\",\"editActive\":true,\"title\":\"Cont\\u00e1ctanos\",\"key\":\"\",\"created_at\":\"2024-09-26 08:49:21\",\"default_label_pos\":\"above\",\"conditions\":[],\"show_title\":0,\"clear_complete\":\"1\",\"hide_complete\":\"1\",\"wrapper_class\":\"\",\"element_class\":\"\",\"add_submit\":\"1\",\"logged_in\":\"\",\"not_logged_in_msg\":\"\",\"sub_limit_number\":\"\",\"sub_limit_msg\":\"\",\"calculations\":[],\"formContentData\":[{\"order\":1,\"cells\":[{\"order\":0,\"fields\":[\"nombre_1730963836867\",\"correo_electronico_1730963857418\"],\"width\":50},{\"order\":2,\"fields\":[\"mensaje_1730963845701\"],\"width\":50}]},{\"order\":2,\"cells\":[{\"order\":0,\"fields\":[\"enviar_1731065675515\"],\"width\":\"100\"}]}],\"container_styles_background-color\":\"\",\"container_styles_border\":\"\",\"container_styles_border-style\":\"\",\"container_styles_border-color\":\"\",\"container_styles_color\":\"\",\"container_styles_height\":\"\",\"container_styles_width\":\"\",\"container_styles_font-size\":\"\",\"container_styles_margin\":\"\",\"container_styles_padding\":\"\",\"container_styles_display\":\"\",\"container_styles_float\":\"\",\"container_styles_show_advanced_css\":\"0\",\"container_styles_advanced\":\"\",\"title_styles_background-color\":\"\",\"title_styles_border\":\"\",\"title_styles_border-style\":\"\",\"title_styles_border-color\":\"\",\"title_styles_color\":\"\",\"title_styles_height\":\"\",\"title_styles_width\":\"\",\"title_styles_font-size\":\"\",\"title_styles_margin\":\"\",\"title_styles_padding\":\"\",\"title_styles_display\":\"\",\"title_styles_float\":\"\",\"title_styles_show_advanced_css\":\"0\",\"title_styles_advanced\":\"\",\"row_styles_background-color\":\"\",\"row_styles_border\":\"\",\"row_styles_border-style\":\"\",\"row_styles_border-color\":\"\",\"row_styles_color\":\"\",\"row_styles_height\":\"\",\"row_styles_width\":\"\",\"row_styles_font-size\":\"\",\"row_styles_margin\":\"\",\"row_styles_padding\":\"\",\"row_styles_display\":\"\",\"row_styles_show_advanced_css\":\"0\",\"row_styles_advanced\":\"\",\"row-odd_styles_background-color\":\"\",\"row-odd_styles_border\":\"\",\"row-odd_styles_border-style\":\"\",\"row-odd_styles_border-color\":\"\",\"row-odd_styles_color\":\"\",\"row-odd_styles_height\":\"\",\"row-odd_styles_width\":\"\",\"row-odd_styles_font-size\":\"\",\"row-odd_styles_margin\":\"\",\"row-odd_styles_padding\":\"\",\"row-odd_styles_display\":\"\",\"row-odd_styles_show_advanced_css\":\"0\",\"row-odd_styles_advanced\":\"\",\"success-msg_styles_background-color\":\"\",\"success-msg_styles_border\":\"\",\"success-msg_styles_border-style\":\"\",\"success-msg_styles_border-color\":\"\",\"success-msg_styles_color\":\"\",\"success-msg_styles_height\":\"\",\"success-msg_styles_width\":\"\",\"success-msg_styles_font-size\":\"\",\"success-msg_styles_margin\":\"\",\"success-msg_styles_padding\":\"\",\"success-msg_styles_display\":\"\",\"success-msg_styles_show_advanced_css\":\"0\",\"success-msg_styles_advanced\":\"\",\"error_msg_styles_background-color\":\"\",\"error_msg_styles_border\":\"\",\"error_msg_styles_border-style\":\"\",\"error_msg_styles_border-color\":\"\",\"error_msg_styles_color\":\"\",\"error_msg_styles_height\":\"\",\"error_msg_styles_width\":\"\",\"error_msg_styles_font-size\":\"\",\"error_msg_styles_margin\":\"\",\"error_msg_styles_padding\":\"\",\"error_msg_styles_display\":\"\",\"error_msg_styles_show_advanced_css\":\"0\",\"error_msg_styles_advanced\":\"\",\"allow_public_link\":0,\"embed_form\":\"\",\"form_title_heading_level\":\"3\",\"changeEmailErrorMsg\":\"Please enter a valid email address!\",\"changeDateErrorMsg\":\"Please enter a valid date!\",\"confirmFieldErrorMsg\":\"These fields must match!\",\"fieldNumberNumMinError\":\"Number Min Error\",\"fieldNumberNumMaxError\":\"Number Max Error\",\"fieldNumberIncrementBy\":\"Please increment by \",\"formErrorsCorrectErrors\":\"Please correct errors before submitting this form.\",\"validateRequiredField\":\"This is a required field.\",\"honeypotHoneypotError\":\"Honeypot Error\",\"fieldsMarkedRequired\":\"Fields marked with an <span class=\\\"ninja-forms-req-symbol\\\">*<\\\/span> are required\",\"currency\":\"\",\"unique_field_error\":\"A form with this value has already been submitted.\",\"objectDomain\":\"calculations\",\"drawerDisabled\":false,\"ninjaForms\":\"Ninja Forms\",\"fieldTextareaRTEInsertLink\":\"Insert Link\",\"fieldTextareaRTEInsertMedia\":\"Insert Media\",\"fieldTextareaRTESelectAFile\":\"Select a file\",\"tableInsertRowAbove\":\"Insert Row Above\",\"tableInsertRowBelow\":\"Insert Row Below\",\"tableInsertColumnLeft\":\"Insert Column Left\",\"tableInsertColumnRight\":\"Insert Column Right\",\"tableDeleteRow\":\"Delete Row\",\"tableDeleteColumn\":\"Delete Column\",\"tableDeleteTable\":\"Delete Table\",\"tableLegacyNotice\":\"This content has tables in the old editor format. Custom styles are preserved until converted. Editing will update to the new format.\",\"tableLegacyConvert\":\"Convert Now\",\"tableInsertTable\":\"Insert Table\",\"dismiss\":\"Dismiss\",\"insertLink\":\"Insert Link\",\"formHoneypot\":\"If you are a human seeing this field, please leave it empty.\",\"fileUploadOldCodeFileUploadInProgress\":\"File Upload in Progress.\",\"fileUploadOldCodeFileUpload\":\"FILE UPLOAD\",\"currencySymbol\":false,\"thousands_sep\":\",\",\"decimal_point\":\".\",\"siteLocale\":\"en_GB\",\"dateFormat\":\"m\\\/d\\\/Y\",\"startOfWeek\":\"1\",\"of\":\"of\",\"previousMonth\":\"Previous Month\",\"nextMonth\":\"Next Month\",\"months\":[\"January\",\"February\",\"March\",\"April\",\"May\",\"June\",\"July\",\"August\",\"September\",\"October\",\"November\",\"December\"],\"monthsShort\":[\"Jan\",\"Feb\",\"Mar\",\"Apr\",\"May\",\"Jun\",\"Jul\",\"Aug\",\"Sep\",\"Oct\",\"Nov\",\"Dec\"],\"weekdays\":[\"Sunday\",\"Monday\",\"Tuesday\",\"Wednesday\",\"Thursday\",\"Friday\",\"Saturday\"],\"weekdaysShort\":[\"Sun\",\"Mon\",\"Tue\",\"Wed\",\"Thu\",\"Fri\",\"Sat\"],\"weekdaysMin\":[\"Su\",\"Mo\",\"Tu\",\"We\",\"Th\",\"Fr\",\"Sa\"],\"recaptchaConsentMissing\":\"reCaptcha validation couldn&#039;t load.\",\"recaptchaMissingCookie\":\"reCaptcha v3 validation couldn&#039;t load the cookie needed to submit the form.\",\"recaptchaConsentEvent\":\"Accept reCaptcha cookies before sending the form.\",\"currency_symbol\":\"\",\"beforeForm\":\"\",\"beforeFields\":\"\",\"afterFields\":\"\",\"afterForm\":\"\"};form.fields=[{\"objectType\":\"Field\",\"objectDomain\":\"fields\",\"editActive\":false,\"order\":1,\"idAttribute\":\"id\",\"label\":\"Nombre\",\"key\":\"nombre_1730963836867\",\"type\":\"textbox\",\"created_at\":\"2024-09-26 08:49:21\",\"label_pos\":\"above\",\"required\":1,\"placeholder\":\"\",\"default\":\"\",\"wrapper_class\":\"\",\"element_class\":\"\",\"container_class\":\"\",\"input_limit\":\"\",\"input_limit_type\":\"characters\",\"input_limit_msg\":\"Character(s) left\",\"manual_key\":\"\",\"disable_input\":\"\",\"admin_label\":\"\",\"help_text\":\"\",\"desc_text\":\"\",\"disable_browser_autocomplete\":\"\",\"mask\":\"\",\"custom_mask\":\"\",\"wrap_styles_background-color\":\"\",\"wrap_styles_border\":\"\",\"wrap_styles_border-style\":\"\",\"wrap_styles_border-color\":\"\",\"wrap_styles_color\":\"\",\"wrap_styles_height\":\"\",\"wrap_styles_width\":\"\",\"wrap_styles_font-size\":\"\",\"wrap_styles_margin\":\"\",\"wrap_styles_padding\":\"\",\"wrap_styles_display\":\"\",\"wrap_styles_float\":\"\",\"wrap_styles_show_advanced_css\":0,\"wrap_styles_advanced\":\"\",\"label_styles_background-color\":\"\",\"label_styles_border\":\"\",\"label_styles_border-style\":\"\",\"label_styles_border-color\":\"\",\"label_styles_color\":\"\",\"label_styles_height\":\"\",\"label_styles_width\":\"\",\"label_styles_font-size\":\"\",\"label_styles_margin\":\"\",\"label_styles_padding\":\"\",\"label_styles_display\":\"\",\"label_styles_float\":\"\",\"label_styles_show_advanced_css\":0,\"label_styles_advanced\":\"\",\"element_styles_background-color\":\"\",\"element_styles_border\":\"\",\"element_styles_border-style\":\"\",\"element_styles_border-color\":\"\",\"element_styles_color\":\"\",\"element_styles_height\":\"\",\"element_styles_width\":\"\",\"element_styles_font-size\":\"\",\"element_styles_margin\":\"\",\"element_styles_padding\":\"\",\"element_styles_display\":\"\",\"element_styles_float\":\"\",\"element_styles_show_advanced_css\":0,\"element_styles_advanced\":\"\",\"cellcid\":\"c3366\",\"custom_name_attribute\":\"\",\"personally_identifiable\":\"\",\"value\":\"\",\"cellOrder\":1,\"drawerDisabled\":false,\"id\":1,\"beforeField\":\"\",\"afterField\":\"\",\"parentType\":\"textbox\",\"element_templates\":[\"textbox\",\"input\"],\"old_classname\":\"\",\"wrap_template\":\"wrap\"},{\"objectType\":\"Field\",\"objectDomain\":\"fields\",\"editActive\":false,\"order\":2,\"idAttribute\":\"id\",\"label\":\"Correo electr\\u00f3nico\",\"key\":\"correo_electronico_1730963857418\",\"type\":\"email\",\"created_at\":\"2024-09-26 08:49:21\",\"label_pos\":\"above\",\"required\":1,\"placeholder\":\"\",\"default\":\"\",\"wrapper_class\":\"\",\"element_class\":\"\",\"container_class\":\"\",\"admin_label\":\"\",\"help_text\":\"\",\"desc_text\":\"\",\"wrap_styles_background-color\":\"\",\"wrap_styles_border\":\"\",\"wrap_styles_border-style\":\"\",\"wrap_styles_border-color\":\"\",\"wrap_styles_color\":\"\",\"wrap_styles_height\":\"\",\"wrap_styles_width\":\"\",\"wrap_styles_font-size\":\"\",\"wrap_styles_margin\":\"\",\"wrap_styles_padding\":\"\",\"wrap_styles_display\":\"\",\"wrap_styles_float\":\"\",\"wrap_styles_show_advanced_css\":0,\"wrap_styles_advanced\":\"\",\"label_styles_background-color\":\"\",\"label_styles_border\":\"\",\"label_styles_border-style\":\"\",\"label_styles_border-color\":\"\",\"label_styles_color\":\"\",\"label_styles_height\":\"\",\"label_styles_width\":\"\",\"label_styles_font-size\":\"\",\"label_styles_margin\":\"\",\"label_styles_padding\":\"\",\"label_styles_display\":\"\",\"label_styles_float\":\"\",\"label_styles_show_advanced_css\":0,\"label_styles_advanced\":\"\",\"element_styles_background-color\":\"\",\"element_styles_border\":\"\",\"element_styles_border-style\":\"\",\"element_styles_border-color\":\"\",\"element_styles_color\":\"\",\"element_styles_height\":\"\",\"element_styles_width\":\"\",\"element_styles_font-size\":\"\",\"element_styles_margin\":\"\",\"element_styles_padding\":\"\",\"element_styles_display\":\"\",\"element_styles_float\":\"\",\"element_styles_show_advanced_css\":0,\"element_styles_advanced\":\"\",\"cellcid\":\"c3366\",\"custom_name_attribute\":\"email\",\"personally_identifiable\":1,\"value\":\"\",\"cellOrder\":2,\"drawerDisabled\":false,\"id\":2,\"beforeField\":\"\",\"afterField\":\"\",\"parentType\":\"email\",\"element_templates\":[\"email\",\"input\"],\"old_classname\":\"\",\"wrap_template\":\"wrap\"},{\"objectType\":\"Field\",\"objectDomain\":\"fields\",\"editActive\":false,\"order\":4,\"idAttribute\":\"id\",\"label\":\"Mensaje\",\"key\":\"mensaje_1730963845701\",\"type\":\"textarea\",\"created_at\":\"2024-09-26 08:49:21\",\"label_pos\":\"above\",\"required\":1,\"placeholder\":\"\",\"default\":\"\",\"wrapper_class\":\"\",\"element_class\":\"\",\"container_class\":\"\",\"input_limit\":\"\",\"input_limit_type\":\"characters\",\"input_limit_msg\":\"Character(s) left\",\"manual_key\":\"\",\"disable_input\":\"\",\"admin_label\":\"\",\"help_text\":\"\",\"desc_text\":\"\",\"disable_browser_autocomplete\":\"\",\"textarea_rte\":\"\",\"disable_rte_mobile\":\"\",\"textarea_media\":\"\",\"wrap_styles_background-color\":\"\",\"wrap_styles_border\":\"\",\"wrap_styles_border-style\":\"\",\"wrap_styles_border-color\":\"\",\"wrap_styles_color\":\"\",\"wrap_styles_height\":\"\",\"wrap_styles_width\":\"\",\"wrap_styles_font-size\":\"\",\"wrap_styles_margin\":\"\",\"wrap_styles_padding\":\"\",\"wrap_styles_display\":\"\",\"wrap_styles_float\":\"\",\"wrap_styles_show_advanced_css\":0,\"wrap_styles_advanced\":\"\",\"label_styles_background-color\":\"\",\"label_styles_border\":\"\",\"label_styles_border-style\":\"\",\"label_styles_border-color\":\"\",\"label_styles_color\":\"\",\"label_styles_height\":\"\",\"label_styles_width\":\"\",\"label_styles_font-size\":\"\",\"label_styles_margin\":\"\",\"label_styles_padding\":\"\",\"label_styles_display\":\"\",\"label_styles_float\":\"\",\"label_styles_show_advanced_css\":0,\"label_styles_advanced\":\"\",\"element_styles_background-color\":\"\",\"element_styles_border\":\"\",\"element_styles_border-style\":\"\",\"element_styles_border-color\":\"\",\"element_styles_color\":\"\",\"element_styles_height\":\"\",\"element_styles_width\":\"\",\"element_styles_font-size\":\"\",\"element_styles_margin\":\"\",\"element_styles_padding\":\"\",\"element_styles_display\":\"\",\"element_styles_float\":\"\",\"element_styles_show_advanced_css\":0,\"element_styles_advanced\":\"\",\"cellcid\":\"c3369\",\"value\":\"\",\"cellOrder\":1,\"drawerDisabled\":false,\"id\":3,\"beforeField\":\"\",\"afterField\":\"\",\"parentType\":\"textarea\",\"element_templates\":[\"textarea\",\"input\"],\"old_classname\":\"\",\"wrap_template\":\"wrap\"},{\"objectType\":\"Field\",\"objectDomain\":\"fields\",\"editActive\":false,\"order\":5,\"idAttribute\":\"id\",\"label\":\"Enviar\",\"key\":\"enviar_1731065675515\",\"type\":\"submit\",\"created_at\":\"2024-09-26 08:49:21\",\"processing_label\":\"Enviando\",\"container_class\":\"\",\"element_class\":\"\",\"wrap_styles_background-color\":\"\",\"wrap_styles_border\":\"\",\"wrap_styles_border-style\":\"\",\"wrap_styles_border-color\":\"\",\"wrap_styles_color\":\"\",\"wrap_styles_height\":\"\",\"wrap_styles_width\":\"\",\"wrap_styles_font-size\":\"\",\"wrap_styles_margin\":\"\",\"wrap_styles_padding\":\"\",\"wrap_styles_display\":\"\",\"wrap_styles_float\":\"\",\"wrap_styles_show_advanced_css\":0,\"wrap_styles_advanced\":\"\",\"label_styles_background-color\":\"\",\"label_styles_border\":\"\",\"label_styles_border-style\":\"\",\"label_styles_border-color\":\"\",\"label_styles_color\":\"\",\"label_styles_height\":\"\",\"label_styles_width\":\"\",\"label_styles_font-size\":\"\",\"label_styles_margin\":\"\",\"label_styles_padding\":\"\",\"label_styles_display\":\"\",\"label_styles_float\":\"\",\"label_styles_show_advanced_css\":0,\"label_styles_advanced\":\"\",\"element_styles_background-color\":\"\",\"element_styles_border\":\"\",\"element_styles_border-style\":\"\",\"element_styles_border-color\":\"\",\"element_styles_color\":\"\",\"element_styles_height\":\"\",\"element_styles_width\":\"\",\"element_styles_font-size\":\"\",\"element_styles_margin\":\"\",\"element_styles_padding\":\"\",\"element_styles_display\":\"\",\"element_styles_float\":\"\",\"element_styles_show_advanced_css\":0,\"element_styles_advanced\":\"\",\"submit_element_hover_styles_background-color\":\"\",\"submit_element_hover_styles_border\":\"\",\"submit_element_hover_styles_border-style\":\"\",\"submit_element_hover_styles_border-color\":\"\",\"submit_element_hover_styles_color\":\"\",\"submit_element_hover_styles_height\":\"\",\"submit_element_hover_styles_width\":\"\",\"submit_element_hover_styles_font-size\":\"\",\"submit_element_hover_styles_margin\":\"\",\"submit_element_hover_styles_padding\":\"\",\"submit_element_hover_styles_display\":\"\",\"submit_element_hover_styles_float\":\"\",\"submit_element_hover_styles_show_advanced_css\":0,\"submit_element_hover_styles_advanced\":\"\",\"cellcid\":\"c3372\",\"admin_label\":\"\",\"cellOrder\":4,\"drawerDisabled\":false,\"id\":4,\"beforeField\":\"\",\"afterField\":\"\",\"value\":\"\",\"label_pos\":\"above\",\"parentType\":\"textbox\",\"element_templates\":[\"submit\",\"button\",\"input\"],\"old_classname\":\"\",\"wrap_template\":\"wrap-no-label\"}];nfForms.push(form);<\/script>\n                <script id=\"nf-tmpl-cell\" type=\"text\/template\">\n            <nf-fields><\/nf-fields>\n        <\/script>\n\n        <script id=\"nf-tmpl-row\" type=\"text\/template\">\n            <nf-cells><\/nf-cells>\n        <\/script>\n\n        <\/div>\n<p><!--more--><br \/>\n<!-- {\"type\":\"layout\",\"children\":[{\"name\":\"About us\",\"type\":\"section\",\"props\":{\"animation\":\"fade\",\"image_effect\":\"fixed\",\"image_position\":\"center-center\",\"image_size\":\"cover\",\"padding_remove_bottom\":false,\"style\":\"default\",\"title_breakpoint\":\"xl\",\"title_position\":\"top-left\",\"title_rotation\":\"left\",\"vertical_align\":\"\",\"width\":\"default\"},\"children\":[{\"type\":\"row\",\"props\":{\"layout\":\"2-3,1-3\",\"margin\":\"default\",\"margin_remove_bottom\":false},\"children\":[{\"type\":\"column\",\"props\":{\"image_position\":\"center-center\",\"position_sticky_breakpoint\":\"m\",\"width_medium\":\"2-3\"},\"children\":[{\"type\":\"headline\",\"props\":{\"content\":\"Qui\\u00e9nes somos\",\"margin_remove_bottom\":false,\"title_color\":\"secondary\",\"title_element\":\"h1\",\"title_style\":\"h6\"}},{\"type\":\"headline\",\"props\":{\"block_align\":\"center\",\"content\":\"El proyecto Puerto Bar\\u00fa\",\"margin\":\"small\",\"margin_remove_bottom\":true,\"margin_remove_top\":false,\"title_element\":\"h2\",\"title_style\":\"h1\"}},{\"type\":\"text\",\"props\":{\"block_align\":\"center\",\"column_breakpoint\":\"m\",\"content\":\"\n\n<p>Un grupo de inversionistas privados se ha comprometido a construir un puerto multiprop\\u00f3sito, conocido como Puerto Bar\\u00fa, a 20km del centro de la ciudad de David, en la provincia de Chiriqu\\u00ed, Panam\\u00e1.<\\\/p>\\n\n\n<p>El proyecto operar\\u00e1 en la regi\\u00f3n occidental, cerca de un \\u00e1rea que sirve de hogar a un cuarto de todos los manglares de Panam\\u00e1. El proyecto atraviesa los Manglares de David, que fueron declarados como \\u00e1rea protegida por el Concejo Municipal del distrito de David, en el acuerdo n\\u00famero 21 del 6 de junio de 2007.<\\\/p>\\n\n\n<p>Como parte del proyecto Puerto Bar\\u00fa, los inversionistas planean construir un \\u00e1rea de puerto principal, un tanque para l\\u00edquidos como aceite de palma, gasolina, di\\u00e9sel y combustible para aviones, una zona tur\\u00edstica y un complejo residencial.<\\\/p>\",\"margin\":\"default\",\"margin_remove_top\":false}},{\"type\":\"text\",\"props\":{\"column_breakpoint\":\"m\",\"content\":\"\n\n<p>The environmentally protected area would be under threat by the construction and running of the port.<\\\/p>\",\"margin\":\"default\",\"visibility\":\"hidden-m\"}}]},{\"type\":\"column\",\"props\":{\"image_position\":\"center-center\",\"position_sticky_breakpoint\":\"m\",\"vertical_align\":\"middle\",\"width_medium\":\"1-3\"},\"children\":[{\"type\":\"image\",\"props\":{\"image\":\"wp-content\\\/uploads\\\/2024\\\/10\\\/puerto-baru-logo-spanish-outlined.svg\",\"image_svg_color\":\"emphasis\",\"image_width\":300,\"margin\":\"default\",\"text_align\":\"center\",\"visibility\":\"l\"}}]}]}]},{\"name\":\"map section\",\"type\":\"section\",\"props\":{\"animation\":\"fade\",\"image_effect\":\"fixed\",\"image_position\":\"center-center\",\"image_size\":\"cover\",\"padding_remove_bottom\":false,\"padding_remove_top\":true,\"style\":\"default\",\"title_breakpoint\":\"xl\",\"title_position\":\"top-left\",\"title_rotation\":\"left\",\"vertical_align\":\"\",\"width\":\"default\"},\"children\":[{\"type\":\"row\",\"props\":{\"layout\":\"1-2,1-2\",\"margin_remove_top\":true},\"children\":[{\"type\":\"column\",\"props\":{\"image_position\":\"center-center\",\"position_sticky_breakpoint\":\"m\",\"width_medium\":\"1-2\"},\"children\":[{\"type\":\"image\",\"props\":{\"image\":\"wp-content\\\/uploads\\\/2024\\\/10\\\/map-of-puerto-baru.jpg\",\"image_svg_color\":\"emphasis\",\"image_width\":1000,\"margin\":\"default\"}}]},{\"type\":\"column\",\"props\":{\"image_position\":\"center-center\",\"position_sticky_breakpoint\":\"m\",\"vertical_align\":\"middle\",\"width_medium\":\"1-2\"},\"children\":[{\"type\":\"text\",\"props\":{\"column_breakpoint\":\"m\",\"content\":\"\n\n<p>El \\u00e1rea protegida se ver\\u00e1 amenazada por la construcci\\u00f3n y la operaci\\u00f3n del puerto.<\\\/p>\",\"margin\":\"default\",\"visibility\":\"m\"}},{\"type\":\"text\",\"props\":{\"column_breakpoint\":\"m\",\"content\":\"\n\n<p>Mientras que el puerto se eregir\\u00e1 en tierras privadas,\\u00a0 la actividad desde mar abierto hacia el puerto crea la posibilidad de un da\\u00f1o permanente al delicado ecosistema.<\\\/p>\\n\n\n<p>Para que los barcos puedan entrar y salir del puerto ser\\u00e1 necesario construir un canal de navegaci\\u00f3n. El canal se extender\\u00e1 desde el Pac\\u00edfico Norte, pasar\\u00e1 por Boca Brava, cruzar\\u00e1 Isla Muertos y llegar\\u00e1 al r\\u00edo Chiriqu\\u00ed.<\\\/p>\\n\n\n<p>La construcci\\u00f3n y operaci\\u00f3n del canal de navegaci\\u00f3n amenaza un ecosistema natural de gran valor para Panam\\u00e1 y el planeta.<\\\/p>\\n\n\n<p>Para construir este canal, el proyecto requerir\\u00e1 dragar partes del canal de navegaci\\u00f3n para alcanzar una profundidad de hasta 12 metros. Se estima que se removar\\u00e1n 9 millones m&sup3; (un volumen equivalente a 600,000 camiones volquetes de sedimentos) del lecho marino durante la etapa de construcci\\u00f3n y 800,000 m&sup3; cada dos a\\u00f1os.<\\\/p>\\n\n\n<p>Creemos que estas acciones causar\\u00e1n un da\\u00f1o irreversible al medioambiente, as\\u00ed como a los vastos recursos naturales de Panam\\u00e1 - y del planeta.<\\\/p>\",\"margin\":\"default\"}}]}]}]},{\"type\":\"section\",\"props\":{\"animation\":\"fade\",\"image_position\":\"center-center\",\"padding_remove_top\":true,\"style\":\"default\",\"title_breakpoint\":\"xl\",\"title_position\":\"top-left\",\"title_rotation\":\"left\",\"vertical_align\":\"middle\",\"width\":\"default\"},\"children\":[{\"type\":\"row\",\"children\":[{\"type\":\"column\",\"props\":{\"image_position\":\"center-center\",\"position_sticky_breakpoint\":\"m\"},\"children\":[{\"type\":\"headline\",\"props\":{\"block_align\":\"center\",\"content\":\"Por qu\\u00e9 decimos No a Puerto Bar\\u00fa\",\"margin\":\"small\",\"margin_remove_bottom\":true,\"margin_remove_top\":false,\"title_element\":\"h3\",\"title_style\":\"h3\"}},{\"type\":\"text\",\"props\":{\"column_breakpoint\":\"m\",\"content\":\"\n\n<p>La administraci\\u00f3n anterior del Ministerio de Ambiente aprob\\u00f3 la construcci\\u00f3n y operaci\\u00f3n de un puerto multiprop\\u00f3sito en uno de los manglares m\\u00e1s importantes de Panam\\u00e1. El proyecto tendr\\u00e1 un impacto inevitable en los delicados y diversos ecosistemas de esta \\u00e1rea protegida, los Manglares de David. Nosotros decimos: \\u00a1No a Puerto Bar\\u00fa!<\\\/p>\\n\n\n<p>Los trabajos de dragado que se requieren para la construcci\\u00f3n del canal de navegaci\\u00f3n y su operaci\\u00f3n podr\\u00edan causar devastaci\\u00f3n a los manglares y afectar cientos de especies, incluidos delfines nariz de botella, ballenas jorobadas, arrecifes de coral y otras formas de vida marina.<\\\/p>\\n\n\n<p>Los constructores prometen crecimiento econ\\u00f3mico, pero nosotros decimos que ese crecimiento nos costar\\u00e1 el planeta.<\\\/p>\",\"margin\":\"default\"}}]}]}],\"name\":\"Gone for good\"},{\"type\":\"section\",\"props\":{\"animation\":\"fade\",\"image_position\":\"center-center\",\"padding_remove_top\":false,\"style\":\"muted\",\"title_breakpoint\":\"xl\",\"title_position\":\"top-left\",\"title_rotation\":\"left\",\"vertical_align\":\"middle\",\"width\":\"default\"},\"children\":[{\"type\":\"row\",\"children\":[{\"type\":\"column\",\"props\":{\"image_position\":\"center-center\",\"position_sticky_breakpoint\":\"m\"},\"children\":[{\"type\":\"headline\",\"props\":{\"content\":\"Unidos por nuestros manglares\",\"margin_remove_bottom\":false,\"title_color\":\"secondary\",\"title_element\":\"div\",\"title_style\":\"h6\"}},{\"type\":\"headline\",\"props\":{\"block_align\":\"center\",\"content\":\"Somos un grupo de organizaciones e individuos detr\\u00e1s de una causa com\\u00fan.\",\"margin\":\"small\",\"margin_remove_bottom\":true,\"margin_remove_top\":false,\"title_element\":\"h3\",\"title_style\":\"h3\"}},{\"type\":\"text\",\"props\":{\"column_breakpoint\":\"m\",\"content\":\"\n\n<p>No a Puerto Bar\\u00fa es un grupo de organizaciones e individuos de Panam\\u00e1, incluidos cient\\u00edficos marinos, abogados ambientales, bi\\u00f3logos y t\\u00e9cnicos preocupados por el impacto que el proyecto tendr\\u00e1 en el medioambiente.<\\\/p>\\n\n\n<p>Como parte de la campa\\u00f1a, el Centro de Incidencia Ambiental (CIAM Panam\\u00e1), la Asociaci\\u00f3n Centro de Estudios y Acci\\u00f3n Social Paname\\u00f1o (CEASPA), la Asociaci\\u00f3n ADOPTA Bosque Panam\\u00e1,\\u00a0 la Fundaci\\u00f3n para el Desarrollo Integral, Comunitario y Conservaci\\u00f3n de los Ecosistemas en Panam\\u00e1 (FUNDICCEP), la Fundaci\\u00f3n Panacetacea Panam\\u00e1 (Panacetacea) y el Proyecto Primates Panam\\u00e1 (PP) han unido sus fuerzas para salvar nuestros manglares.<\\\/p>\\n\n\n<p>Estamos trabajando juntos para que el proyecto Puerto Bar\\u00fa sea reconsiderado y reubicado en un lugar m\\u00e1s apropiado. El plan actual implica construir un puerto en una zona que alberga la cuarta parte de los manglares de Panam\\u00e1. No podemos permitirlo.<\\\/p>\\n\n\n<p>El 5 de septiembre presentamos una demanda ante la Corte Suprema de Justicia de Panam\\u00e1 con el objetivo de suspender la aprobaci\\u00f3n del Estudio de Impacto Ambiental y lograr que se declare nulo.<\\\/p>\\n\n\n<p>Este es el primer paso para asegurarnos de que la persecuci\\u00f3n ciega del desarrollo econ\\u00f3mico no traiga consigo da\\u00f1os irreversibles. Queremos que la Corte Suprema vuelva a analizar el caso y c\\u00f3mo fue aprobado.<\\\/p>\",\"margin\":\"default\"}}]}]}],\"name\":\"United\"},{\"type\":\"section\",\"props\":{\"animation\":\"fade\",\"image_position\":\"center-center\",\"padding_remove_bottom\":false,\"padding_remove_top\":true,\"style\":\"muted\",\"title_breakpoint\":\"xl\",\"title_position\":\"top-left\",\"title_rotation\":\"left\",\"vertical_align\":\"middle\",\"width\":\"default\"},\"children\":[{\"type\":\"row\",\"children\":[{\"type\":\"column\",\"props\":{\"image_position\":\"center-center\",\"position_sticky_breakpoint\":\"m\"},\"children\":[{\"type\":\"headline\",\"props\":{\"content\":\"Impacto global\",\"margin_remove_bottom\":false,\"title_color\":\"secondary\",\"title_element\":\"h1\",\"title_style\":\"h6\"}},{\"type\":\"headline\",\"props\":{\"block_align\":\"center\",\"content\":\"Si no detenemos Puerto Bar\\u00fa, nuestros manglares no ser\\u00e1n los \\u00fanicos que desaparezcan para siempre.\",\"margin\":\"small\",\"margin_remove_bottom\":true,\"margin_remove_top\":false,\"title_element\":\"h3\",\"title_style\":\"h3\"}},{\"type\":\"text\",\"props\":{\"column_breakpoint\":\"m\",\"content\":\"\n\n<p>En los \\u00faltimos 50 a\\u00f1os, Panam\\u00e1 ha perdido casi LA MITAD de sus manglares debido a la expansi\\u00f3n urbana y las tierras dedicadas a la agricultura.<\\\/p>\\n\n\n<p>A este paso, habremos perdido el 100% de nuestros manglares para 2072. Pong\\u00e1moslo en perspectiva: la totalidad de nuestros manglares habr\\u00e1 desaparecido para cuando un joven que tiene 14 a\\u00f1os en 2024 alcance la edad de retiro.<\\\/p>\\n\n\n<p>Esto ser\\u00eda devastador, no s\\u00f3lo para Panam\\u00e1, sino tambi\\u00e9n para el resto del mundo.<\\\/p>\",\"margin\":\"default\"}},{\"type\":\"text\",\"props\":{\"column_breakpoint\":\"m\",\"content\":\"\\u00bfPor qu\\u00e9?\",\"margin\":\"default\",\"text_style\":\"lead\"}},{\"type\":\"text\",\"props\":{\"column_breakpoint\":\"m\",\"content\":\"\n\n<p>Porque los manglares paname\\u00f1os se cuentan entre los m\\u00e1s importantes en la batalla global contra el cambio clim\\u00e1tico y son parte esencial de la seguridad alimentaria de la poblaci\\u00f3n, en especial de las comunidades costeras. La p\\u00e9rdida de manglares contribuye a la p\\u00e9rdida de especies de inter\\u00e9s comercial.<\\\/p>\\n\n\n<p>Los manglares son una herramienta cr\\u00edtica de protecci\\u00f3n natural al absorber el carbono de la atm\\u00f3sfera y enterrarlo de manera eficaz en sus ra\\u00edces submarinas. Esto se denomina captura de carbono azul.<\\\/p>\\n\n\n<p>Panam\\u00e1 es uno de los tres pa\\u00edses del mundo que se consideran \\u201ccarbono negativos\\u201d. Esto se debe enteramente a sus enormes bosques de manglares.<\\\/p>\\n\n\n<p>Los manglares tambi\\u00e9n son fundamentales para proteger viviendas, pueblos e infraestructura de tormentas tropicales e inundaciones a nivel local. A medida que la emergencia clim\\u00e1tica se intensifica, el papel cr\\u00edtico que juegan es m\\u00e1s importante que nunca.<\\\/p>\",\"margin\":\"default\"}}]}]}],\"name\":\"Global impact\"},{\"type\":\"section\",\"props\":{\"animation\":\"fade\",\"image_position\":\"center-center\",\"style\":\"primary\",\"title_breakpoint\":\"xl\",\"title_position\":\"top-left\",\"title_rotation\":\"left\",\"vertical_align\":\"middle\",\"width\":\"default\"},\"children\":[{\"type\":\"row\",\"children\":[{\"type\":\"column\",\"props\":{\"image_position\":\"center-center\",\"position_sticky_breakpoint\":\"m\",\"width_medium\":\"3-5\"},\"children\":[{\"type\":\"headline\",\"props\":{\"content\":\"Debemos proteger los bosques de manglares de Panam\\u00e1 y decirle No a Puerto Bar\\u00fa.\",\"margin\":\"small\",\"margin_remove_bottom\":true,\"margin_remove_top\":false,\"maxwidth\":\"xlarge\",\"title_element\":\"h3\",\"title_style\":\"h3\"}},{\"type\":\"text\",\"props\":{\"column_breakpoint\":\"m\",\"content\":\"\n\n<p><span>El gobierno anterior le dio luz verde al proyecto sin que el Ministerio del Ambiente escuchara la opini\\u00f3n de la gente.<\\\/span><\\\/p>\\n\n\n<p>No debi\\u00f3 aprobarse sin eso.<\\\/p>\\n\n\n<p>Por ese motivo nos ponemos de pie. Somos la voz de quienes nunca tuvieron la oportunidad de expresarse.<\\\/p>\\n\n\n<p>Estamos tratando de salvar nuestros manglares, que son esenciales en la carrera global por proteger el planeta antes de que sea demasiado tarde. Una vez que el da\\u00f1o est\\u00e9 hecho, no habr\\u00e1 vuelta atr\\u00e1s.<\\\/p>\\n\n\n<p>De m\\u00e1s est\\u00e1 decir que nadie quiere interponerse al desarrollo econ\\u00f3mico. Pero necesitamos desarrollo econ\\u00f3mico sustentable.<\\\/p>\",\"margin\":\"default\"}}]},{\"type\":\"column\",\"props\":{\"image\":\"wp-content\\\/uploads\\\/photo-1693174758533-8470a48cf49c-scaled.jpg\",\"image_position\":\"bottom-left\",\"image_size\":\"cover\",\"position_sticky_breakpoint\":\"m\",\"width_medium\":\"2-5\"},\"children\":[{\"type\":\"html\",\"props\":{\"content\":\"\n\n<div class=\\\"uk-height-small uk-hidden@m\\\"><\\\/div>\"}}]}],\"props\":{\"layout\":\"3-5,2-5\"}}],\"name\":\"Protect\"},{\"name\":\"Campaign Intro\",\"type\":\"section\",\"props\":{\"animation\":\"fade\",\"image_effect\":\"fixed\",\"image_position\":\"center-center\",\"image_size\":\"cover\",\"style\":\"default\",\"title_breakpoint\":\"xl\",\"title_position\":\"top-left\",\"title_rotation\":\"left\",\"vertical_align\":\"\",\"width\":\"default\"},\"children\":[{\"type\":\"row\",\"props\":{\"margin\":\"large\"},\"children\":[{\"type\":\"column\",\"props\":{\"image_position\":\"center-center\",\"position_sticky_breakpoint\":\"m\"},\"children\":[{\"type\":\"headline\",\"props\":{\"content\":\"<span>Nuestra campa\\u00f1a es un esfuerzo conjunto de organizaciones e individuos.<\\\/span>\",\"margin\":\"small\",\"margin_remove_bottom\":true,\"margin_remove_top\":false,\"maxwidth\":\"large\",\"title_element\":\"h3\",\"title_style\":\"h2\"}},{\"type\":\"text\",\"props\":{\"column_breakpoint\":\"m\",\"content\":\"\n\n<p><span>Comenz\\u00f3 por iniciativa del CIAM, la CEASPA, ADOPTA Bosque Panam\\u00e1, el FUNDICCEP, Panacetacea y el Proyecto Primates Panam\\u00e1, pero congrega a bi\\u00f3logos marinos, abogados ambientalistas, especialistas y t\\u00e9cnicos dedicados a proteger la biodiversidad \\u00fanica de Panam\\u00e1.<\\\/span><\\\/p>\",\"margin\":\"default\",\"maxwidth\":\"xlarge\"}}]}]}]},{\"type\":\"section\",\"props\":{\"animation\":\"fade\",\"id\":\"ciam\",\"image_position\":\"center-center\",\"padding_remove_top\":true,\"style\":\"default\",\"title_breakpoint\":\"xl\",\"title_position\":\"top-left\",\"title_rotation\":\"left\",\"vertical_align\":\"middle\",\"width\":\"default\"},\"children\":[{\"type\":\"row\",\"props\":{\"layout\":\"2-3,1-3\",\"margin\":\"default\"},\"children\":[{\"type\":\"column\",\"props\":{\"image_position\":\"center-center\",\"position_sticky_breakpoint\":\"m\",\"width_medium\":\"2-3\"},\"children\":[{\"type\":\"headline\",\"props\":{\"block_align\":\"center\",\"content\":\"Centro de Incidencia Ambiental (CIAM Panam\\u00e1)\",\"margin\":\"small\",\"margin_remove_bottom\":true,\"margin_remove_top\":false,\"title_element\":\"h3\",\"title_style\":\"h3\"}},{\"type\":\"button\",\"props\":{\"grid_column_gap\":\"small\",\"grid_row_gap\":\"small\",\"margin\":\"default\",\"margin_remove_top\":false},\"children\":[{\"type\":\"button_item\",\"props\":{\"button_style\":\"\",\"content\":\"ciampanama.org\",\"dialog_layout\":\"modal\",\"dialog_offcanvas_flip\":true,\"icon\":\"link-external\",\"icon_align\":\"right\",\"link\":\"https:\\\/\\\/ciampanama.org\\\/\",\"link_aria_label\":\"CIAM\",\"link_target\":\"blank\",\"link_title\":\"CIAM\"}}]}]},{\"type\":\"column\",\"props\":{\"image_position\":\"center-center\",\"position_sticky_breakpoint\":\"m\",\"vertical_align\":\"middle\",\"width_medium\":\"1-3\"},\"children\":[{\"type\":\"image\",\"props\":{\"image\":\"wp-content\\\/uploads\\\/2024\\\/09\\\/EWKH4hyWsAImgSW.png\",\"image_svg_color\":\"emphasis\",\"image_width\":180,\"margin\":\"\",\"margin_remove_top\":false,\"text_align\":\"right\",\"text_align_breakpoint\":\"m\",\"text_align_fallback\":\"left\"}}]}]},{\"type\":\"row\",\"props\":{\"margin_remove_top\":true,\"row_gap\":\"collapse\"},\"children\":[{\"type\":\"column\",\"props\":{\"image_position\":\"center-center\",\"position_sticky_breakpoint\":\"m\"},\"children\":[{\"type\":\"text\",\"props\":{\"block_align\":\"center\",\"column_breakpoint\":\"m\",\"content\":\"\n\n<p>Fundado en 2007 por la sociedad civil paname\\u00f1a, el CIAM es una organizaci\\u00f3n comprometida con la justicia ambiental. Se enfoca en la defensa del derecho humano a un medioambiente limpio a trav\\u00e9s del litigio estrat\\u00e9gico, la defensa ambiental y el fomento de la participaci\\u00f3n p\\u00fablica.<\\\/p>\\n\n\n<p>El CIAM ofrece asistencia legal gratuita a las comunidades m\\u00e1s vulnerables a los da\\u00f1os ambientales y lucha activamente contra el racismo ambiental. Al emprender acciones legales, que a menudo llegan hasta la Corte Suprema, el CIAM exige responsabilidades a las corporaciones e instituciones, garantizando la protecci\\u00f3n de los ecosistemas naturales de Panam\\u00e1. Mediante una combinaci\\u00f3n de impugnaciones legales, promoci\\u00f3n de pol\\u00edticas y participaci\\u00f3n comunitaria, el CIAM trabaja para influir en las decisiones ambientales que afectan el futuro de Panam\\u00e1.<\\\/p>\",\"margin\":\"default\",\"margin_remove_top\":false}}]}]}],\"name\":\"Coalition\"},{\"type\":\"section\",\"props\":{\"id\":\"ceaspa\",\"image_position\":\"center-center\",\"padding_remove_bottom\":true,\"padding_remove_top\":true,\"style\":\"default\",\"title_breakpoint\":\"xl\",\"title_position\":\"top-left\",\"title_rotation\":\"left\",\"vertical_align\":\"middle\",\"width\":\"default\"},\"children\":[{\"type\":\"row\",\"children\":[{\"type\":\"column\",\"props\":{\"image_position\":\"center-center\",\"position_sticky_breakpoint\":\"m\"},\"children\":[{\"type\":\"divider\",\"props\":{\"divider_element\":\"hr\"}}]}]}],\"name\":\"Divider\"},{\"type\":\"section\",\"props\":{\"animation\":\"fade\",\"image_position\":\"center-center\",\"padding_remove_top\":false,\"style\":\"default\",\"title_breakpoint\":\"xl\",\"title_position\":\"top-left\",\"title_rotation\":\"left\",\"vertical_align\":\"middle\",\"width\":\"default\"},\"children\":[{\"type\":\"row\",\"props\":{\"layout\":\"2-3,1-3\",\"margin\":\"default\"},\"children\":[{\"type\":\"column\",\"props\":{\"image_position\":\"center-center\",\"position_sticky_breakpoint\":\"m\",\"width_medium\":\"2-3\"},\"children\":[{\"type\":\"headline\",\"props\":{\"block_align\":\"center\",\"content\":\"Asociaci\\u00f3n Centro de Estudios y Acci\\u00f3n Social Paname\\u00f1o (CEASPA)\",\"margin\":\"small\",\"margin_remove_bottom\":true,\"margin_remove_top\":false,\"title_element\":\"h3\",\"title_style\":\"h3\"}},{\"type\":\"button\",\"props\":{\"grid_column_gap\":\"small\",\"grid_row_gap\":\"small\",\"margin\":\"default\"},\"children\":[{\"type\":\"button_item\",\"props\":{\"button_style\":\"\",\"content\":\"ceaspa.org.pa\",\"dialog_layout\":\"modal\",\"dialog_offcanvas_flip\":true,\"icon\":\"link-external\",\"icon_align\":\"right\",\"link\":\"http:\\\/\\\/ceaspa.org.pa\\\/\",\"link_aria_label\":\"Asociaci\\u00f3n Centro de Estudios y Acci\\u00f3n Social Paname\\u00f1o (CEASPA)\",\"link_target\":\"blank\",\"link_title\":\"Asociaci\\u00f3n Centro de Estudios y Acci\\u00f3n Social Paname\\u00f1o (CEASPA)\"}}]}]},{\"type\":\"column\",\"props\":{\"image_position\":\"center-center\",\"position_sticky_breakpoint\":\"m\",\"vertical_align\":\"middle\",\"width_medium\":\"1-3\"},\"children\":[{\"type\":\"image\",\"props\":{\"image\":\"wp-content\\\/uploads\\\/2024\\\/09\\\/LOGO-1.png\",\"image_svg_color\":\"emphasis\",\"image_width\":180,\"margin\":\"default\",\"text_align\":\"right\",\"text_align_breakpoint\":\"m\",\"text_align_fallback\":\"left\"}}]}]},{\"type\":\"row\",\"props\":{\"margin_remove_top\":true,\"row_gap\":\"collapse\"},\"children\":[{\"type\":\"column\",\"props\":{\"image_position\":\"center-center\",\"position_sticky_breakpoint\":\"m\"},\"children\":[{\"type\":\"text\",\"props\":{\"block_align\":\"center\",\"column_breakpoint\":\"m\",\"content\":\"\n\n<p>CEASPA (Centro de Estudios y Acci\\u00f3n Social Paname\\u00f1o) es una organizaci\\u00f3n sin fines de lucro en Panam\\u00e1 dedicada a la conservaci\\u00f3n ambiental, la justicia social y el desarrollo sostenible. Fundada en 1977, CEASPA trabaja para proteger los recursos naturales de Panam\\u00e1 y promover los derechos de las comunidades vulnerables.<\\\/p>\\n\n\n<p>La organizaci\\u00f3n implementa una amplia gama de iniciativas, que incluyen educaci\\u00f3n ambiental, participaci\\u00f3n comunitaria y proyectos de desarrollo sostenible. CEASPA trabaja en estrecha colaboraci\\u00f3n con grupos ind\\u00edgenas, comunidades rurales y otras organizaciones e individuos interesados en fomentar la gesti\\u00f3n ambiental, defender la equidad social y promover pr\\u00e1cticas que protejan los ecosistemas y mejoren la calidad de vida local.<\\\/p>\\n\n\n<p>El impacto de CEASPA se extiende por varias d\\u00e9cadas, con programas que han fortalecido la conciencia ambiental, empoderado a comunidades marginadas e influido en las pol\\u00edticas nacionales. Su trabajo incluye esfuerzos de reforestaci\\u00f3n, proyectos de agricultura sostenible e iniciativas que abordan el cambio clim\\u00e1tico. Al combinar la protecci\\u00f3n ambiental con la acci\\u00f3n social, CEASPA contin\\u00faa desempe\\u00f1ando un papel clave en el fomento de un futuro sostenible y equitativo para los paname\\u00f1os y el medio ambiente nacional.<\\\/p>\",\"margin\":\"default\",\"margin_remove_top\":false}}]}]}],\"name\":\"Coalition\"},{\"type\":\"section\",\"props\":{\"id\":\"adopta\",\"image_position\":\"center-center\",\"padding_remove_bottom\":true,\"padding_remove_top\":true,\"style\":\"default\",\"title_breakpoint\":\"xl\",\"title_position\":\"top-left\",\"title_rotation\":\"left\",\"vertical_align\":\"middle\",\"width\":\"default\"},\"children\":[{\"type\":\"row\",\"children\":[{\"type\":\"column\",\"props\":{\"image_position\":\"center-center\",\"position_sticky_breakpoint\":\"m\"},\"children\":[{\"type\":\"divider\",\"props\":{\"divider_element\":\"hr\"}}]}]}],\"name\":\"Divider\"},{\"type\":\"section\",\"props\":{\"animation\":\"fade\",\"image_position\":\"center-center\",\"padding_remove_top\":false,\"style\":\"default\",\"title_breakpoint\":\"xl\",\"title_position\":\"top-left\",\"title_rotation\":\"left\",\"vertical_align\":\"middle\",\"width\":\"default\"},\"children\":[{\"type\":\"row\",\"props\":{\"layout\":\"2-3,1-3\",\"margin\":\"default\"},\"children\":[{\"type\":\"column\",\"props\":{\"image_position\":\"center-center\",\"position_sticky_breakpoint\":\"m\",\"width_medium\":\"2-3\"},\"children\":[{\"type\":\"headline\",\"props\":{\"block_align\":\"center\",\"content\":\"Asociaci\\u00f3n ADOPTA Bosque Panam\\u00e1\",\"margin\":\"small\",\"margin_remove_bottom\":true,\"margin_remove_top\":false,\"title_element\":\"h3\",\"title_style\":\"h3\"}},{\"type\":\"button\",\"props\":{\"grid_column_gap\":\"small\",\"grid_row_gap\":\"small\",\"margin\":\"default\"},\"children\":[{\"type\":\"button_item\",\"props\":{\"button_style\":\"\",\"content\":\"adoptabosque.org\",\"dialog_layout\":\"modal\",\"dialog_offcanvas_flip\":true,\"icon\":\"link-external\",\"icon_align\":\"right\",\"link\":\"https:\\\/\\\/adoptabosque.org\\\/\",\"link_aria_label\":\"Asociaci\\u00f3n Adopta El Bosque Panam\\u00e1-Adopta (Adopt A Panama Rainforest)\",\"link_target\":\"blank\",\"link_title\":\"Asociaci\\u00f3n Adopta El Bosque Panam\\u00e1-Adopta (Adopt A Panama Rainforest)\"}}]}]},{\"type\":\"column\",\"props\":{\"image_position\":\"center-center\",\"position_sticky_breakpoint\":\"m\",\"vertical_align\":\"middle\",\"width_medium\":\"1-3\"},\"children\":[{\"type\":\"image\",\"props\":{\"image\":\"wp-content\\\/uploads\\\/2024\\\/11\\\/Adopta-Bosque.png\",\"image_svg_color\":\"emphasis\",\"image_width\":160,\"margin\":\"default\",\"text_align\":\"right\",\"text_align_breakpoint\":\"m\",\"text_align_fallback\":\"left\"}}]}]},{\"type\":\"row\",\"props\":{\"margin_remove_top\":true,\"row_gap\":\"collapse\"},\"children\":[{\"type\":\"column\",\"props\":{\"image_position\":\"center-center\",\"position_sticky_breakpoint\":\"m\"},\"children\":[{\"type\":\"text\",\"props\":{\"block_align\":\"center\",\"column_breakpoint\":\"m\",\"content\":\"\n\n<p>Fundada en 2004, la Asociaci\\u00f3n ADOPTA Bosque Panam\\u00e1 es una organizaci\\u00f3n sin fines de lucro dedicada a conservar los ecosistemas \\u00fanicos de Panam\\u00e1, con un enfoque en la preservaci\\u00f3n de la selva tropical, el desarrollo sostenible y la educaci\\u00f3n ambiental.<\\\/p>\\n\n\n<p>ADOPTA crea conciencia p\\u00fablica mediante la participaci\\u00f3n de las comunidades locales en programas de ciencia ciudadana y el desarrollo de reservas naturales privadas para promover la reforestaci\\u00f3n sostenible.<\\\/p>\\n\n\n<p>ADOPTA estableci\\u00f3 con \\u00e9xito la reserva de Cerro Chucant\\u00ed en la provincia de Dari\\u00e9n y la reserva de San Bartolo a lo largo de la frontera entre Panam\\u00e1 y Costa Rica, las cuales protegen ecosistemas cr\\u00edticos y especies en peligro de extinci\\u00f3n. ADOPTA tambi\\u00e9n ejecuta un programa de monitoreo l\\u00edder a nivel mundial para los millones de aves rapaces que se encuentran en Panam\\u00e1 cada a\\u00f1o.<\\\/p>\",\"margin\":\"default\",\"margin_remove_top\":false}}]}]}],\"name\":\"Coalition\"},{\"type\":\"section\",\"props\":{\"id\":\"fundiccep\",\"image_position\":\"center-center\",\"padding_remove_bottom\":true,\"padding_remove_top\":true,\"style\":\"default\",\"title_breakpoint\":\"xl\",\"title_position\":\"top-left\",\"title_rotation\":\"left\",\"vertical_align\":\"middle\",\"width\":\"default\"},\"children\":[{\"type\":\"row\",\"children\":[{\"type\":\"column\",\"props\":{\"image_position\":\"center-center\",\"position_sticky_breakpoint\":\"m\"},\"children\":[{\"type\":\"divider\",\"props\":{\"divider_element\":\"hr\"}}]}]}],\"name\":\"Divider\"},{\"type\":\"section\",\"props\":{\"animation\":\"fade\",\"image_position\":\"center-center\",\"padding_remove_top\":false,\"style\":\"default\",\"title_breakpoint\":\"xl\",\"title_position\":\"top-left\",\"title_rotation\":\"left\",\"vertical_align\":\"middle\",\"width\":\"default\"},\"children\":[{\"type\":\"row\",\"props\":{\"layout\":\"2-3,1-3\",\"margin\":\"default\"},\"children\":[{\"type\":\"column\",\"props\":{\"image_position\":\"center-center\",\"position_sticky_breakpoint\":\"m\",\"width_medium\":\"2-3\"},\"children\":[{\"type\":\"headline\",\"props\":{\"block_align\":\"center\",\"content\":\"Fundaci\\u00f3n para el Desarrollo Integral, Comunitario y Conservaci\\u00f3n de los Ecosistemas en Panam\\u00e1 (FUNDICCEP)\",\"margin\":\"small\",\"margin_remove_bottom\":true,\"margin_remove_top\":false,\"title_element\":\"h3\",\"title_style\":\"h3\"}},{\"type\":\"button\",\"props\":{\"grid_column_gap\":\"small\",\"grid_row_gap\":\"small\",\"margin\":\"default\"},\"children\":[{\"type\":\"button_item\",\"props\":{\"button_style\":\"\",\"content\":\"fundiccep.org\",\"dialog_layout\":\"modal\",\"dialog_offcanvas_flip\":true,\"icon\":\"link-external\",\"icon_align\":\"right\",\"link\":\"https:\\\/\\\/fundiccep.org\\\/index.html\",\"link_aria_label\":\"Fundaci\\u00f3n para El Desarrollo Integral, Comunitario, Y Conservaci\\u00f3n De Los Ecosistemas En Panam\\u00e1 (FUNDICCEP)\",\"link_target\":\"blank\",\"link_title\":\"Fundaci\\u00f3n para El Desarrollo Integral, Comunitario, Y Conservaci\\u00f3n De Los Ecosistemas En Panam\\u00e1 (FUNDICCEP)\"}}]}]},{\"type\":\"column\",\"props\":{\"image_position\":\"center-center\",\"position_sticky_breakpoint\":\"m\",\"vertical_align\":\"middle\",\"width_medium\":\"1-3\"},\"children\":[{\"type\":\"image\",\"props\":{\"image\":\"wp-content\\\/uploads\\\/2024\\\/11\\\/LOGO-FUNDICCEP-PNG.png\",\"image_svg_color\":\"emphasis\",\"image_width\":160,\"margin\":\"default\",\"text_align\":\"right\",\"text_align_breakpoint\":\"m\",\"text_align_fallback\":\"left\"}}]}]},{\"type\":\"row\",\"props\":{\"margin_remove_top\":true,\"row_gap\":\"collapse\"},\"children\":[{\"type\":\"column\",\"props\":{\"image_position\":\"center-center\",\"position_sticky_breakpoint\":\"m\"},\"children\":[{\"type\":\"text\",\"props\":{\"block_align\":\"center\",\"column_breakpoint\":\"m\",\"content\":\"\n\n<p><span>Fundada en 1996, FUNDICCEP (Fundaci\\u00f3n para el Desarrollo Integral, Comunitario y Conservaci\\u00f3n de Ecosistemas en Panam\\u00e1) es una organizaci\\u00f3n sin fines de lucro especializada en la protecci\\u00f3n de los recursos naturales, particularmente en las regiones altas de Chiriqu\\u00ed, y en la gesti\\u00f3n de proyectos comunitarios relacionados con la agricultura sostenible y el medio ambiente.<\\\/span><\\\/p>\\n\n\n<p>A trav\\u00e9s de la colaboraci\\u00f3n con las comunidades y organizaciones locales, FUNDICCEP empodera a los agricultores, educa a los ciudadanos e implementa estrategias de protecci\\u00f3n ambiental como la reforestaci\\u00f3n, la conservaci\\u00f3n del suelo y el agua y la prevenci\\u00f3n de incendios forestales. Su trabajo incluye la creaci\\u00f3n de modelos agroforestales sostenibles, la promoci\\u00f3n de la agricultura org\\u00e1nica y el desarrollo de programas de concienciaci\\u00f3n ambiental conjuntamente con organizaciones nacionales e internacionales.<\\\/p>\\n\n\n<p>El trabajo de FUNDICCEP ha tenido un impacto significativo en la preservaci\\u00f3n de ecosistemas cr\\u00edticos, incluidos los de la Reserva de la Biosfera La Amistad. Sus iniciativas han ayudado a reducir la erosi\\u00f3n del suelo, conservar la biodiversidad y proteger los recursos h\\u00eddricos, asegurando un futuro sostenible tanto para el medio ambiente como para las comunidades locales.<\\\/p>\",\"margin\":\"default\",\"margin_remove_top\":false}}]}]}],\"name\":\"Coalition\"},{\"type\":\"section\",\"props\":{\"id\":\"panacetacea\",\"image_position\":\"center-center\",\"padding_remove_bottom\":true,\"padding_remove_top\":true,\"style\":\"default\",\"title_breakpoint\":\"xl\",\"title_position\":\"top-left\",\"title_rotation\":\"left\",\"vertical_align\":\"middle\",\"width\":\"default\"},\"children\":[{\"type\":\"row\",\"children\":[{\"type\":\"column\",\"props\":{\"image_position\":\"center-center\",\"position_sticky_breakpoint\":\"m\"},\"children\":[{\"type\":\"divider\",\"props\":{\"divider_element\":\"hr\"}}]}]}],\"name\":\"Divider\"},{\"type\":\"section\",\"props\":{\"animation\":\"fade\",\"image_position\":\"center-center\",\"padding_remove_top\":false,\"style\":\"default\",\"title_breakpoint\":\"xl\",\"title_position\":\"top-left\",\"title_rotation\":\"left\",\"vertical_align\":\"middle\",\"width\":\"default\"},\"children\":[{\"type\":\"row\",\"props\":{\"layout\":\"2-3,1-3\",\"margin\":\"default\"},\"children\":[{\"type\":\"column\",\"props\":{\"image_position\":\"center-center\",\"position_sticky_breakpoint\":\"m\",\"width_medium\":\"2-3\"},\"children\":[{\"type\":\"headline\",\"props\":{\"block_align\":\"center\",\"content\":\"Fundaci\\u00f3n Panacetacea Panama (Panacetacea)\",\"margin\":\"small\",\"margin_remove_bottom\":true,\"margin_remove_top\":false,\"title_element\":\"h3\",\"title_style\":\"h3\"}},{\"type\":\"button\",\"props\":{\"grid_column_gap\":\"small\",\"grid_row_gap\":\"small\",\"margin\":\"default\"},\"children\":[{\"type\":\"button_item\",\"props\":{\"button_style\":\"\",\"content\":\"panacetacea.org\",\"dialog_layout\":\"modal\",\"dialog_offcanvas_flip\":true,\"icon\":\"link-external\",\"icon_align\":\"right\",\"link\":\"https:\\\/\\\/panacetacea.org\\\/es\\\/nosotros\\\/\",\"link_aria_label\":\"Fundaci\\u00f3n Panacetacea Panama (Panacetacea) \",\"link_target\":\"blank\",\"link_title\":\"Fundaci\\u00f3n Panacetacea Panama (Panacetacea) \"}}]}]},{\"type\":\"column\",\"props\":{\"image_position\":\"center-center\",\"position_sticky_breakpoint\":\"m\",\"vertical_align\":\"middle\",\"width_medium\":\"1-3\"},\"children\":[{\"type\":\"image\",\"props\":{\"image\":\"wp-content\\\/uploads\\\/2024\\\/09\\\/Marca-Panacetacea-03.png\",\"image_svg_color\":\"emphasis\",\"image_width\":160,\"margin\":\"default\",\"text_align\":\"right\",\"text_align_breakpoint\":\"m\",\"text_align_fallback\":\"left\"}}]}]},{\"type\":\"row\",\"props\":{\"margin_remove_top\":true,\"row_gap\":\"collapse\"},\"children\":[{\"type\":\"column\",\"props\":{\"image_position\":\"center-center\",\"position_sticky_breakpoint\":\"m\"},\"children\":[{\"type\":\"text\",\"props\":{\"block_align\":\"center\",\"column_breakpoint\":\"m\",\"content\":\"\n\n<p>Fundada en 2017, la Fundaci\\u00f3n Panacetacea Panam\\u00e1 es la filial paname\\u00f1a de la organizaci\\u00f3n sin fines de lucro estadounidense Panacetacea. Panacetacea re\\u00fane a un equipo internacional de bi\\u00f3logos marinos dedicados al estudio y la conservaci\\u00f3n de las poblaciones de mam\\u00edferos marinos de Panam\\u00e1 y sus h\\u00e1bitats.<\\\/p>\\n\n\n<p>La Fundaci\\u00f3n Panacetacea Panam\\u00e1 realiza investigaciones cient\\u00edficas y de monitoreo de especies marinas, desarrolla iniciativas educativas para generar conciencia p\\u00fablica y dise\\u00f1a estrategias de conservaci\\u00f3n efectivas. Su trabajo se centra principalmente en el Golfo de Chiriqu\\u00ed y el Archipi\\u00e9lago de Bocas del Toro, con esfuerzos adicionales en el Parque Nacional Coiba y el Refugio de Vida Silvestre Isla Iguana.<\\\/p>\\n\n\n<p>La Fundaci\\u00f3n Panacetacea Panam\\u00e1 ha llevado a cabo investigaciones de vanguardia a nivel mundial, estudiando m\\u00e1s de 1.000 ballenas jorobadas en el Golfo de Chiriqu\\u00ed y creando una base de datos con seguimiento de largo plazo para rastrear las tendencias de la poblaci\\u00f3n. Tambi\\u00e9n participa en una red internacional de monitoreo marino, en asociaci\\u00f3n con la Universidad de Vermont, la Universidad de Costa Rica y el Ministerio de Ambiente de Panam\\u00e1.<\\\/p>\",\"margin\":\"default\",\"margin_remove_top\":false}}]}]}],\"name\":\"Coalition\"},{\"type\":\"section\",\"props\":{\"id\":\"proyecto\",\"image_position\":\"center-center\",\"padding_remove_bottom\":true,\"padding_remove_top\":true,\"style\":\"default\",\"title_breakpoint\":\"xl\",\"title_position\":\"top-left\",\"title_rotation\":\"left\",\"vertical_align\":\"middle\",\"width\":\"default\"},\"children\":[{\"type\":\"row\",\"children\":[{\"type\":\"column\",\"props\":{\"image_position\":\"center-center\",\"position_sticky_breakpoint\":\"m\"},\"children\":[{\"type\":\"divider\",\"props\":{\"divider_element\":\"hr\"}}]}]}],\"name\":\"Divider\"},{\"type\":\"section\",\"props\":{\"animation\":\"fade\",\"image_position\":\"center-center\",\"padding_remove_top\":false,\"style\":\"default\",\"title_breakpoint\":\"xl\",\"title_position\":\"top-left\",\"title_rotation\":\"left\",\"vertical_align\":\"middle\",\"width\":\"default\"},\"children\":[{\"type\":\"row\",\"props\":{\"layout\":\"2-3,1-3\",\"margin\":\"default\"},\"children\":[{\"type\":\"column\",\"props\":{\"image_position\":\"center-center\",\"position_sticky_breakpoint\":\"m\",\"width_medium\":\"2-3\"},\"children\":[{\"type\":\"headline\",\"props\":{\"block_align\":\"center\",\"content\":\"Proyecto Primates Panam\\u00e1\",\"margin\":\"small\",\"margin_remove_bottom\":true,\"margin_remove_top\":false,\"title_element\":\"h3\",\"title_style\":\"h3\"}},{\"type\":\"button\",\"props\":{\"grid_column_gap\":\"small\",\"grid_row_gap\":\"small\",\"margin\":\"default\"},\"children\":[{\"type\":\"button_item\",\"props\":{\"button_style\":\"\",\"content\":\"proyectoprimatespanama.org\",\"dialog_layout\":\"modal\",\"dialog_offcanvas_flip\":true,\"icon\":\"link-external\",\"icon_align\":\"right\",\"link\":\"https:\\\/\\\/proyectoprimatespanama.org\\\/\",\"link_aria_label\":\"Proyecto Primates Panam\\u00e1\",\"link_target\":\"blank\",\"link_title\":\"Proyecto Primates Panam\\u00e1\"}}]}]},{\"type\":\"column\",\"props\":{\"image_position\":\"center-center\",\"position_sticky_breakpoint\":\"m\",\"vertical_align\":\"middle\",\"width_medium\":\"1-3\"},\"children\":[{\"type\":\"image\",\"props\":{\"image\":\"wp-content\\\/uploads\\\/2024\\\/11\\\/Proyecto-Primates-Panama.png\",\"image_svg_color\":\"emphasis\",\"image_width\":160,\"margin\":\"default\",\"text_align\":\"right\",\"text_align_breakpoint\":\"m\",\"text_align_fallback\":\"left\"}}]}]},{\"type\":\"row\",\"props\":{\"margin_remove_top\":true,\"row_gap\":\"collapse\"},\"children\":[{\"type\":\"column\",\"props\":{\"image_position\":\"center-center\",\"position_sticky_breakpoint\":\"m\"},\"children\":[{\"type\":\"text\",\"props\":{\"block_align\":\"center\",\"column_breakpoint\":\"m\",\"content\":\"\n\n<p><span>Fundado en 2016 por el Dr. Ariel Rodr\\u00edguez-Vargas, el Proyecto Primates Panam\\u00e1 se centra en la conservaci\\u00f3n de la poblaci\\u00f3n de primates silvestres de Panam\\u00e1. El proyecto busca preservar los bosques y el ecosistema m\\u00e1s amplio del que dependen tanto los primates como los humanos.<\\\/span><\\\/p>\\n\n\n<p>Esta iniciativa es a la vez social y cient\\u00edfica, y su objetivo es simple: proteger la biodiversidad a trav\\u00e9s de la investigaci\\u00f3n, la educaci\\u00f3n y las pr\\u00e1cticas de desarrollo sostenible. El proyecto trabaja junto a comunidades locales para crear conciencia sobre el papel de los primates en el mantenimiento de ecosistemas saludables y el ecoturismo sostenible. Tambi\\u00e9n realiza estudios de investigaci\\u00f3n en relaci\\u00f3n con las diversas especies de primates que se encuentran en Panam\\u00e1, incluida una amplia gama de monos, capuchinos y tamarinos.<\\\/p>\\n\n\n<p>Hasta la fecha, el Proyecto ha establecido con \\u00e9xito campa\\u00f1as que protegen a los primates de Panam\\u00e1 de los incendios forestales anuales y contra un muro de concreto construido a lo largo de la Carretera Interamericana que ha afectado negativamente tanto la biodiversidad del \\u00e1rea como la poblaci\\u00f3n de primates silvestres.<\\\/p>\",\"margin\":\"default\",\"margin_remove_top\":false}}]}]}],\"name\":\"Coalition\"},{\"type\":\"section\",\"props\":{\"animation\":\"fade\",\"image_position\":\"center-center\",\"padding_remove_top\":false,\"style\":\"default\",\"title_breakpoint\":\"xl\",\"title_position\":\"top-left\",\"title_rotation\":\"left\",\"vertical_align\":\"middle\",\"width\":\"default\"},\"children\":[{\"type\":\"row\",\"props\":{\"margin_remove_top\":true,\"row_gap\":\"collapse\"},\"children\":[{\"type\":\"column\",\"props\":{\"image_position\":\"center-center\",\"position_sticky_breakpoint\":\"m\"},\"children\":[{\"type\":\"headline\",\"props\":{\"block_align\":\"center\",\"content\":\"<span data-teams=\\\"true\\\" _msttexthash=\\\"579774\\\" _msthash=\\\"1843\\\">Supporting Organizations<\\\/span>\",\"margin\":\"small\",\"margin_remove_bottom\":true,\"margin_remove_top\":false,\"title_element\":\"h3\",\"title_style\":\"h3\"}},{\"type\":\"image\",\"props\":{\"image\":\"wp-content\\\/uploads\\\/2025\\\/05\\\/Untitled-Website-1.jpg\",\"image_svg_color\":\"emphasis\",\"margin\":\"default\"}}]}]}],\"name\":\"Coalition\"},{\"name\":\"Contact\",\"type\":\"section\",\"props\":{\"animation\":\"fade\",\"image_position\":\"center-center\",\"image_size\":\"cover\",\"image_width\":\"2560\",\"style\":\"primary\",\"title_breakpoint\":\"xl\",\"title_position\":\"top-left\",\"title_rotation\":\"left\",\"vertical_align\":\"\",\"width\":\"default\"},\"children\":[{\"type\":\"row\",\"props\":{\"layout\":\"1-2,1-2\",\"width\":\"default\"},\"children\":[{\"type\":\"column\",\"props\":{\"image_position\":\"center-center\",\"position_sticky_breakpoint\":\"m\",\"width_medium\":\"1-2\"},\"children\":[{\"type\":\"headline\",\"props\":{\"content\":\"Ap\\u00f3yanos\",\"title_color\":\"secondary\",\"title_element\":\"h1\",\"title_style\":\"h6\"}},{\"type\":\"headline\",\"props\":{\"content\":\"Exploremos alternativas.\",\"margin_remove_top\":true,\"maxwidth\":\"large\",\"text_align\":\"left\",\"text_align_breakpoint\":\"m\",\"title_element\":\"h3\",\"title_style\":\"h2\"}},{\"type\":\"text\",\"props\":{\"column_breakpoint\":\"m\",\"content\":\"\n\n<p>Hay otras opciones donde se puede construir en Panam\\u00e1. Puerto Armuelles, en la misma regi\\u00f3n, ya ha sido identificado por estudios como viable para esta clase de megaproyecto. Y no nos costar\\u00eda un mundo - financiera o ambientalmente.<\\\/p>\\n\n\n<p>El crecimiento global no deber\\u00eda ocurrir al costo del planeta. Destruir nuestros recursos naturales es un precio que nadie puede pagar.<\\\/p>\",\"margin\":\"medium\",\"maxwidth\":\"large\",\"text_align\":\"left\",\"text_align_breakpoint\":\"m\"}},{\"type\":\"button\",\"props\":{\"grid_column_gap\":\"small\",\"grid_row_gap\":\"small\",\"margin\":\"medium\",\"visibility\":\"m\"},\"children\":[{\"type\":\"button_item\",\"props\":{\"button_style\":\"text\",\"content\":\"Apoya la campa\\u00f1a\",\"dialog_layout\":\"modal\",\"dialog_offcanvas_flip\":true,\"icon_align\":\"left\",\"link\":\"contactanos\\\/\",\"link_aria_label\":\"Contacta No A Puerto Bar\\u00fa para apoyarnos\",\"link_title\":\"Contacta No A Puerto Bar\\u00fa para apoyarnos\"}}]}]},{\"type\":\"column\",\"props\":{\"image_position\":\"center-center\",\"position_sticky_breakpoint\":\"m\",\"style\":\"card-default\",\"width_medium\":\"1-2\"},\"children\":[{\"type\":\"html\",\"props\":{\"content\":\"[ninja_form id=1]\",\"css\":\".nf-cell:first-child {\\n    padding-right: 20px;\\n}\\n@media (min-width: 960px) {\\n.nf-cell:last-child {\\n    padding-left: 20px;\\n}\\n}\\n\\n.nf-field-element input, .nf-field-element textarea {\\n    background-color: white;\\n    border: 1px solid #D8D8D8;\\n    color: #62707f;\\n}\\n\\n.nf-form-fields-required {\\n    display: none;\\n}\\n\\n.nf-form-content, .nf-field-label label {\\n    color: #62707f !important;\\n    font-weight: 300 !important;\\n    font-size: 16px !important;\\n    font-family: 'IBM Plex Sans';\\n}\\n\\n.nf-form-content {\\n    max-width: none !important;\\n    padding: 0px !important;\\n    font-family: 'IBM Plex Sans';\\n}\\n\\n#nf-field-4 {\\n    background-color: #0c9;\\n    color: #fff;\\n    border-radius: 500px;\\n    border: 1px solid #0c9;\\n    display: inline-block;\\n    box-sizing: border-box;\\n    padding: 0 30px;\\n    vertical-align: middle;\\n    font-size: 16px;\\n    line-height: 42px;\\n    text-align: center;\\n    text-decoration: none;\\n    transition: .2s ease-in-out;\\n    transition-property: color, background-color, background-position, background-size, border-color, box-shadow;\\n    font-family: 'IBM Plex Sans';\\n    font-weight: 600;\\n    background-origin: border-box;\\n        text-transform: none;\\n    -webkit-appearance: none;\\n    overflow: visible;\\n    margin: 0;\\n    height: 44px;\\n    \\n    &:hover, &:focus {\\n        background-color: transparent;\\n    color: #62707f;\\n    border-color: #0c9;\\n        cursor: pointer;\\n    }\\n}\\n\\n#nf-label-field-6 {\\n    font-weight: 300;\\n    font-size: 14px;\\n    margin: 0px auto 20px auto;\\n}\\n\\n.nf-cell:first-child {\\n    padding-left: 0px !important;\\n}\\n\\n.nf-multi-cell .nf-cell:last-child {\\n   padding-right: 0px !important; \\n}\\n\\n.nf-field-element *::placeholder {\\n    color: #62707f;\\n    font-size: 16px;\\n    font-family: 'IBM Plex Sans';\\n}\\n\\n.nf-field-element * {\\n    font-size: 16px;\\n    font-family: 'IBM Plex Sans';\\n}\"}}]}]}]}],\"version\":\"4.5.15\"} --><\/p>\n","protected":false},"excerpt":{"rendered":"<p>Qui\u00e9nes somos El proyecto Puerto Bar\u00fa Un grupo de inversionistas privados se ha comprometido a construir un puerto multiprop\u00f3sito, conocido como Puerto Bar\u00fa, a 20km del centro de la ciudad de David, en la provincia de Chiriqu\u00ed, Panam\u00e1. El proyecto operar\u00e1 en la regi\u00f3n occidental, cerca de un \u00e1rea que sirve de hogar a un [&hellip;]<\/p>\n","protected":false},"author":1,"featured_media":0,"parent":0,"menu_order":1,"comment_status":"closed","ping_status":"closed","template":"","meta":{"_acf_changed":false,"footnotes":""},"class_list":["post-25","page","type-page","status-publish","hentry"],"acf":[],"yoast_head":"<!-- This site is optimized with the Yoast SEO plugin v27.5 - https:\/\/yoast.com\/product\/yoast-seo-wordpress\/ -->\n<title>No a Puerto Bar\u00fa en David - Conoce nuestra Campa\u00f1a para proteger Manglares de David<\/title>\n<meta name=\"description\" content=\"Somos un grupo peque\u00f1o y dedicado de organizaciones locales de Panam\u00e1 que trabajan juntas para detener el desarrollo.\" \/>\n<meta name=\"robots\" content=\"index, follow, max-snippet:-1, max-image-preview:large, max-video-preview:-1\" \/>\n<link rel=\"canonical\" href=\"https:\/\/noapuertobaru.com\/en\/about-us\/\" \/>\n<meta property=\"og:locale\" content=\"en_GB\" \/>\n<meta property=\"og:type\" content=\"article\" \/>\n<meta property=\"og:title\" content=\"No a Puerto Bar\u00fa en David - Conoce nuestra Campa\u00f1a para proteger Manglares de David\" \/>\n<meta property=\"og:description\" content=\"Somos un grupo peque\u00f1o y dedicado de organizaciones locales de Panam\u00e1 que trabajan juntas para detener el desarrollo.\" \/>\n<meta property=\"og:url\" content=\"https:\/\/noapuertobaru.com\/en\/about-us\/\" \/>\n<meta property=\"og:site_name\" content=\"No a Puerto Bar&uacute;\" \/>\n<meta property=\"article:modified_time\" content=\"2025-05-14T12:47:29+00:00\" \/>\n<meta property=\"og:image\" content=\"https:\/\/noapuertobaru.com\/wp-content\/uploads\/2024\/10\/puertobaru.jpg\" \/>\n\t<meta property=\"og:image:width\" content=\"2560\" \/>\n\t<meta property=\"og:image:height\" content=\"1440\" \/>\n\t<meta property=\"og:image:type\" content=\"image\/jpeg\" \/>\n<meta name=\"twitter:card\" content=\"summary_large_image\" \/>\n<meta name=\"twitter:label1\" content=\"Estimated reading time\" \/>\n\t<meta name=\"twitter:data1\" content=\"11 minutes\" \/>\n<script type=\"application\/ld+json\" class=\"yoast-schema-graph\">{\"@context\":\"https:\\\/\\\/schema.org\",\"@graph\":[{\"@type\":\"WebPage\",\"@id\":\"https:\\\/\\\/noapuertobaru.com\\\/quienes-somos\\\/\",\"url\":\"https:\\\/\\\/noapuertobaru.com\\\/quienes-somos\\\/\",\"name\":\"No a Puerto Bar\u00fa en David - Conoce nuestra Campa\u00f1a para proteger Manglares de David\",\"isPartOf\":{\"@id\":\"https:\\\/\\\/noapuertobaru.com\\\/#website\"},\"datePublished\":\"2024-09-26T07:11:38+00:00\",\"dateModified\":\"2025-05-14T12:47:29+00:00\",\"description\":\"Somos un grupo peque\u00f1o y dedicado de organizaciones locales de Panam\u00e1 que trabajan juntas para detener el desarrollo.\",\"breadcrumb\":{\"@id\":\"https:\\\/\\\/noapuertobaru.com\\\/quienes-somos\\\/#breadcrumb\"},\"inLanguage\":\"en-GB\",\"potentialAction\":[{\"@type\":\"ReadAction\",\"target\":[\"https:\\\/\\\/noapuertobaru.com\\\/quienes-somos\\\/\"]}]},{\"@type\":\"BreadcrumbList\",\"@id\":\"https:\\\/\\\/noapuertobaru.com\\\/quienes-somos\\\/#breadcrumb\",\"itemListElement\":[{\"@type\":\"ListItem\",\"position\":1,\"name\":\"Home\",\"item\":\"https:\\\/\\\/noapuertobaru.com\\\/\"},{\"@type\":\"ListItem\",\"position\":2,\"name\":\"Qui\u00e9nes somos\"}]},{\"@type\":\"WebSite\",\"@id\":\"https:\\\/\\\/noapuertobaru.com\\\/#website\",\"url\":\"https:\\\/\\\/noapuertobaru.com\\\/\",\"name\":\"No a Puerto Bar\u00fa\",\"description\":\"No a Puerto Bar&uacute; is a coalition of environmental organisations from Panama.\",\"potentialAction\":[{\"@type\":\"SearchAction\",\"target\":{\"@type\":\"EntryPoint\",\"urlTemplate\":\"https:\\\/\\\/noapuertobaru.com\\\/?s={search_term_string}\"},\"query-input\":{\"@type\":\"PropertyValueSpecification\",\"valueRequired\":true,\"valueName\":\"search_term_string\"}}],\"inLanguage\":\"en-GB\"}]}<\/script>\n<!-- \/ Yoast SEO plugin. -->","yoast_head_json":{"title":"No to Puerto Bar\u00fa in David - Learn about our Campaign to protect Manglares de David","description":"We are a small, dedicated group of local Panama organizations working together to stop development and find sustainable alternatives.","robots":{"index":"index","follow":"follow","max-snippet":"max-snippet:-1","max-image-preview":"max-image-preview:large","max-video-preview":"max-video-preview:-1"},"canonical":"https:\/\/noapuertobaru.com\/en\/about-us\/","og_locale":"en_GB","og_type":"article","og_title":"No a Puerto Bar\u00fa en David - Conoce nuestra Campa\u00f1a para proteger Manglares de David","og_description":"Somos un grupo peque\u00f1o y dedicado de organizaciones locales de Panam\u00e1 que trabajan juntas para detener el desarrollo.","og_url":"https:\/\/noapuertobaru.com\/en\/about-us\/","og_site_name":"No a Puerto Bar&uacute;","article_modified_time":"2025-05-14T12:47:29+00:00","og_image":[{"width":2560,"height":1440,"url":"https:\/\/noapuertobaru.com\/wp-content\/uploads\/2024\/10\/puertobaru.jpg","type":"image\/jpeg"}],"twitter_card":"summary_large_image","twitter_misc":{"Estimated reading time":"11 minutes"},"schema":{"@context":"https:\/\/schema.org","@graph":[{"@type":"WebPage","@id":"https:\/\/noapuertobaru.com\/quienes-somos\/","url":"https:\/\/noapuertobaru.com\/quienes-somos\/","name":"No to Puerto Bar\u00fa in David - Learn about our Campaign to protect Manglares de David","isPartOf":{"@id":"https:\/\/noapuertobaru.com\/#website"},"datePublished":"2024-09-26T07:11:38+00:00","dateModified":"2025-05-14T12:47:29+00:00","description":"We are a small, dedicated group of local Panama organizations working together to stop development and find sustainable alternatives.","breadcrumb":{"@id":"https:\/\/noapuertobaru.com\/quienes-somos\/#breadcrumb"},"inLanguage":"en-GB","potentialAction":[{"@type":"ReadAction","target":["https:\/\/noapuertobaru.com\/quienes-somos\/"]}]},{"@type":"BreadcrumbList","@id":"https:\/\/noapuertobaru.com\/quienes-somos\/#breadcrumb","itemListElement":[{"@type":"ListItem","position":1,"name":"Home","item":"https:\/\/noapuertobaru.com\/"},{"@type":"ListItem","position":2,"name":"Qui\u00e9nes somos"}]},{"@type":"WebSite","@id":"https:\/\/noapuertobaru.com\/#website","url":"https:\/\/noapuertobaru.com\/","name":"No To Puerto Bar\u00fa","description":"No a Puerto Bar\u00fa is a coalition of environmental organisations from Panama.","potentialAction":[{"@type":"SearchAction","target":{"@type":"EntryPoint","urlTemplate":"https:\/\/noapuertobaru.com\/?s={search_term_string}"},"query-input":{"@type":"PropertyValueSpecification","valueRequired":true,"valueName":"search_term_string"}}],"inLanguage":"en-GB"}]}},"_links":{"self":[{"href":"https:\/\/noapuertobaru.com\/en\/wp-json\/wp\/v2\/pages\/25","targetHints":{"allow":["GET"]}}],"collection":[{"href":"https:\/\/noapuertobaru.com\/en\/wp-json\/wp\/v2\/pages"}],"about":[{"href":"https:\/\/noapuertobaru.com\/en\/wp-json\/wp\/v2\/types\/page"}],"author":[{"embeddable":true,"href":"https:\/\/noapuertobaru.com\/en\/wp-json\/wp\/v2\/users\/1"}],"replies":[{"embeddable":true,"href":"https:\/\/noapuertobaru.com\/en\/wp-json\/wp\/v2\/comments?post=25"}],"version-history":[{"count":115,"href":"https:\/\/noapuertobaru.com\/en\/wp-json\/wp\/v2\/pages\/25\/revisions"}],"predecessor-version":[{"id":811,"href":"https:\/\/noapuertobaru.com\/en\/wp-json\/wp\/v2\/pages\/25\/revisions\/811"}],"wp:attachment":[{"href":"https:\/\/noapuertobaru.com\/en\/wp-json\/wp\/v2\/media?parent=25"}],"curies":[{"name":"wp","href":"https:\/\/api.w.org\/{rel}","templated":true}]}}